{"id":432,"date":"2022-11-04T18:13:28","date_gmt":"2022-11-04T17:13:28","guid":{"rendered":"https:\/\/christmann-foto.de\/?page_id=432"},"modified":"2023-02-13T11:23:21","modified_gmt":"2023-02-13T10:23:21","slug":"sarajewo","status":"publish","type":"page","link":"https:\/\/christmann-foto.de\/?page_id=432","title":{"rendered":"Sarajevo at wartime"},"content":{"rendered":"<section  class='av_textblock_section av-la2ty5ka-f7e9f88858932ad190d9012a762b545b'  itemscope=\"itemscope\" itemtype=\"https:\/\/schema.org\/CreativeWork\" ><div class='avia_textblock'  itemprop=\"text\" ><h4><strong>SARAJEVO 1995 | People at wartime<\/strong><\/h4>\n<p>Ein Krieg mitten in Europa. Eine Erinnerung. | Text &amp; Fotografien \u00a9 Peter Christmann<\/p>\n<p>Am 22. Dezember 1995 breche ich auf, um nach Sarajevo, der eingekesselten Stadt in Bosnien- Herzegowina zu gelangen. In Frankfurt besteige ich einen Bus und bin in dem Moment schon fast dort angekommen, sp\u00fcre den Krieg. Fl\u00fcchtlinge, die aus Sarajevo und aus Bosnien stammen, wollen ihre Familien besuchen. Zur\u00fcck in ein vom Krieg gezeichnetes Land, aus dem die meisten von ihnen vor drei oder vier Jahren gefl\u00fcchtet sind.<br \/>\nZum ersten Mal zur\u00fcck in die verlassene Heimat, um mit denen, die dort gebliebenen sind, die sie vermissen, den Familien, den Verwandten und Freunden, Weihnachten zu feiern. Zur\u00fcck, in eine immer noch belagerte Stadt, nach Sarajevo, die Kulturmetropole Bosniens, die Stadt in der elf Jahre zuvor die Olympischen Winterspiele stattfanden und die seit April 1992 von bosnischen Serben und Einheiten der verbliebenen jugoslawischen Bundesarmee und Paramilit\u00e4rs permanent belagert und beschossen wird. Ich sp\u00fcre die Nervosit\u00e4t, die Angst, die Traumata meiner Mitreisenden, in dem mit Menschen und deren Gep\u00e4ck voll gestopften Bus. &gt;&gt;&gt;<!--more--><\/p>\n<\/div><\/section>\n\n<style type=\"text\/css\" data-created_by=\"avia_inline_auto\" id=\"style-css-av-la2rctfo-d68f7c0a1d73a56f8b80a61f4b11f94c\">\n#top .avia-gallery.av-la2rctfo-d68f7c0a1d73a56f8b80a61f4b11f94c .avia-gallery-thumb a{\nwidth:20%;\n}\n<\/style>\n<div  class='avia-gallery av-la2rctfo-d68f7c0a1d73a56f8b80a61f4b11f94c avia_animate_when_visible  avia-builder-el-1  el_after_av_textblock  el_before_av_textblock  avia_lazyload avia-gallery-animate avia-gallery-1'  itemprop=\"image\" itemscope=\"itemscope\" itemtype=\"https:\/\/schema.org\/ImageObject\" ><meta itemprop=\"contentURL\" content=\"https:\/\/christmann-foto.de\/?page_id=432\"><div class='avia-gallery-thumb'><a href=\"https:\/\/christmann-foto.de\/wp-content\/uploads\/2022\/03\/1995-sarajevo-00023-1030x831.jpg\" data-srcset=\"https:\/\/christmann-foto.de\/wp-content\/uploads\/2022\/03\/1995-sarajevo-00023-1030x831.jpg 1030w, https:\/\/christmann-foto.de\/wp-content\/uploads\/2022\/03\/1995-sarajevo-00023-300x242.jpg 300w, https:\/\/christmann-foto.de\/wp-content\/uploads\/2022\/03\/1995-sarajevo-00023-768x620.jpg 768w, https:\/\/christmann-foto.de\/wp-content\/uploads\/2022\/03\/1995-sarajevo-00023-1536x1239.jpg 1536w, https:\/\/christmann-foto.de\/wp-content\/uploads\/2022\/03\/1995-sarajevo-00023-2048x1653.jpg 2048w, https:\/\/christmann-foto.de\/wp-content\/uploads\/2022\/03\/1995-sarajevo-00023-1500x1210.jpg 1500w, https:\/\/christmann-foto.de\/wp-content\/uploads\/2022\/03\/1995-sarajevo-00023-495x400.jpg 495w, https:\/\/christmann-foto.de\/wp-content\/uploads\/2022\/03\/1995-sarajevo-00023-705x569.jpg 705w, https:\/\/christmann-foto.de\/wp-content\/uploads\/2022\/03\/1995-sarajevo-00023-600x484.jpg 600w\" data-sizes=\"(max-width: 1030px) 100vw, 1030px\" data-rel='gallery-1' data-prev-img='https:\/\/christmann-foto.de\/wp-content\/uploads\/2022\/03\/1995-sarajevo-00023-495x400.jpg' class='first_thumb lightbox ' data-onclick='1' title='1995-sarajevo-00023'  itemprop=\"thumbnailUrl\"  ><img decoding=\"async\" class=\"wp-image-403 avia-img-lazy-loading-not-403\"   src=\"https:\/\/christmann-foto.de\/wp-content\/uploads\/2022\/03\/1995-sarajevo-00023-495x400.jpg\" width=\"495\" height=\"400\"  title='1995-sarajevo-00023' alt='' srcset=\"https:\/\/christmann-foto.de\/wp-content\/uploads\/2022\/03\/1995-sarajevo-00023-495x400.jpg 495w, https:\/\/christmann-foto.de\/wp-content\/uploads\/2022\/03\/1995-sarajevo-00023-300x242.jpg 300w, https:\/\/christmann-foto.de\/wp-content\/uploads\/2022\/03\/1995-sarajevo-00023-1030x831.jpg 1030w, https:\/\/christmann-foto.de\/wp-content\/uploads\/2022\/03\/1995-sarajevo-00023-768x620.jpg 768w, https:\/\/christmann-foto.de\/wp-content\/uploads\/2022\/03\/1995-sarajevo-00023-1536x1239.jpg 1536w, https:\/\/christmann-foto.de\/wp-content\/uploads\/2022\/03\/1995-sarajevo-00023-2048x1653.jpg 2048w, https:\/\/christmann-foto.de\/wp-content\/uploads\/2022\/03\/1995-sarajevo-00023-1500x1210.jpg 1500w, https:\/\/christmann-foto.de\/wp-content\/uploads\/2022\/03\/1995-sarajevo-00023-845x684.jpg 845w, https:\/\/christmann-foto.de\/wp-content\/uploads\/2022\/03\/1995-sarajevo-00023-705x569.jpg 705w, https:\/\/christmann-foto.de\/wp-content\/uploads\/2022\/03\/1995-sarajevo-00023-600x484.jpg 600w\" sizes=\"(max-width: 495px) 100vw, 495px\" \/><div class='big-prev-fake'><img decoding=\"async\" loading=\"lazy\" class=\"wp-image-403 avia-img-lazy-loading-403\"  width=\"495\" height=\"400\" src=\"https:\/\/christmann-foto.de\/wp-content\/uploads\/2022\/03\/1995-sarajevo-00023-495x400.jpg\" title='1995-sarajevo-00023' alt='' srcset=\"https:\/\/christmann-foto.de\/wp-content\/uploads\/2022\/03\/1995-sarajevo-00023-495x400.jpg 495w, https:\/\/christmann-foto.de\/wp-content\/uploads\/2022\/03\/1995-sarajevo-00023-300x242.jpg 300w, https:\/\/christmann-foto.de\/wp-content\/uploads\/2022\/03\/1995-sarajevo-00023-1030x831.jpg 1030w, https:\/\/christmann-foto.de\/wp-content\/uploads\/2022\/03\/1995-sarajevo-00023-768x620.jpg 768w, https:\/\/christmann-foto.de\/wp-content\/uploads\/2022\/03\/1995-sarajevo-00023-1536x1239.jpg 1536w, https:\/\/christmann-foto.de\/wp-content\/uploads\/2022\/03\/1995-sarajevo-00023-2048x1653.jpg 2048w, https:\/\/christmann-foto.de\/wp-content\/uploads\/2022\/03\/1995-sarajevo-00023-1500x1210.jpg 1500w, https:\/\/christmann-foto.de\/wp-content\/uploads\/2022\/03\/1995-sarajevo-00023-845x684.jpg 845w, https:\/\/christmann-foto.de\/wp-content\/uploads\/2022\/03\/1995-sarajevo-00023-705x569.jpg 705w, https:\/\/christmann-foto.de\/wp-content\/uploads\/2022\/03\/1995-sarajevo-00023-600x484.jpg 600w\" sizes=\"(max-width: 495px) 100vw, 495px\" \/><\/div><\/a><a href=\"https:\/\/christmann-foto.de\/wp-content\/uploads\/2022\/03\/1995-sarajevo-00022-1030x817.jpg\" data-srcset=\"https:\/\/christmann-foto.de\/wp-content\/uploads\/2022\/03\/1995-sarajevo-00022-1030x817.jpg 1030w, https:\/\/christmann-foto.de\/wp-content\/uploads\/2022\/03\/1995-sarajevo-00022-300x238.jpg 300w, https:\/\/christmann-foto.de\/wp-content\/uploads\/2022\/03\/1995-sarajevo-00022-768x609.jpg 768w, https:\/\/christmann-foto.de\/wp-content\/uploads\/2022\/03\/1995-sarajevo-00022-1536x1218.jpg 1536w, https:\/\/christmann-foto.de\/wp-content\/uploads\/2022\/03\/1995-sarajevo-00022-1500x1190.jpg 1500w, https:\/\/christmann-foto.de\/wp-content\/uploads\/2022\/03\/1995-sarajevo-00022-705x559.jpg 705w, https:\/\/christmann-foto.de\/wp-content\/uploads\/2022\/03\/1995-sarajevo-00022-600x476.jpg 600w, https:\/\/christmann-foto.de\/wp-content\/uploads\/2022\/03\/1995-sarajevo-00022.jpg 2000w\" data-sizes=\"(max-width: 1030px) 100vw, 1030px\" data-rel='gallery-1' data-prev-img='https:\/\/christmann-foto.de\/wp-content\/uploads\/2022\/03\/1995-sarajevo-00022-495x400.jpg' class='lightbox ' data-onclick='2' title='1995-sarajevo-00022'  itemprop=\"thumbnailUrl\"  ><img decoding=\"async\" class=\"wp-image-402 avia-img-lazy-loading-not-402\"   src=\"https:\/\/christmann-foto.de\/wp-content\/uploads\/2022\/03\/1995-sarajevo-00022-495x400.jpg\" width=\"495\" height=\"400\"  title='1995-sarajevo-00022' alt='' srcset=\"https:\/\/christmann-foto.de\/wp-content\/uploads\/2022\/03\/1995-sarajevo-00022-495x400.jpg 495w, https:\/\/christmann-foto.de\/wp-content\/uploads\/2022\/03\/1995-sarajevo-00022-845x684.jpg 845w\" sizes=\"(max-width: 495px) 100vw, 495px\" \/><div class='big-prev-fake'><img decoding=\"async\" loading=\"lazy\" class=\"wp-image-402 avia-img-lazy-loading-402\"  width=\"495\" height=\"400\" src=\"https:\/\/christmann-foto.de\/wp-content\/uploads\/2022\/03\/1995-sarajevo-00022-495x400.jpg\" title='1995-sarajevo-00022' alt='' srcset=\"https:\/\/christmann-foto.de\/wp-content\/uploads\/2022\/03\/1995-sarajevo-00022-495x400.jpg 495w, https:\/\/christmann-foto.de\/wp-content\/uploads\/2022\/03\/1995-sarajevo-00022-845x684.jpg 845w\" sizes=\"(max-width: 495px) 100vw, 495px\" \/><\/div><\/a><a href=\"https:\/\/christmann-foto.de\/wp-content\/uploads\/2022\/03\/1995-sarajevo-00021-1030x823.jpg\" data-srcset=\"https:\/\/christmann-foto.de\/wp-content\/uploads\/2022\/03\/1995-sarajevo-00021-1030x823.jpg 1030w, https:\/\/christmann-foto.de\/wp-content\/uploads\/2022\/03\/1995-sarajevo-00021-300x240.jpg 300w, https:\/\/christmann-foto.de\/wp-content\/uploads\/2022\/03\/1995-sarajevo-00021-768x614.jpg 768w, https:\/\/christmann-foto.de\/wp-content\/uploads\/2022\/03\/1995-sarajevo-00021-1536x1228.jpg 1536w, https:\/\/christmann-foto.de\/wp-content\/uploads\/2022\/03\/1995-sarajevo-00021-1500x1199.jpg 1500w, https:\/\/christmann-foto.de\/wp-content\/uploads\/2022\/03\/1995-sarajevo-00021-705x564.jpg 705w, https:\/\/christmann-foto.de\/wp-content\/uploads\/2022\/03\/1995-sarajevo-00021-600x480.jpg 600w, https:\/\/christmann-foto.de\/wp-content\/uploads\/2022\/03\/1995-sarajevo-00021.jpg 2000w\" data-sizes=\"(max-width: 1030px) 100vw, 1030px\" data-rel='gallery-1' data-prev-img='https:\/\/christmann-foto.de\/wp-content\/uploads\/2022\/03\/1995-sarajevo-00021-495x400.jpg' class='lightbox ' data-onclick='3' title='1995-sarajevo-00021'  itemprop=\"thumbnailUrl\"  ><img decoding=\"async\" class=\"wp-image-401 avia-img-lazy-loading-not-401\"   src=\"https:\/\/christmann-foto.de\/wp-content\/uploads\/2022\/03\/1995-sarajevo-00021-495x400.jpg\" width=\"495\" height=\"400\"  title='1995-sarajevo-00021' alt='' srcset=\"https:\/\/christmann-foto.de\/wp-content\/uploads\/2022\/03\/1995-sarajevo-00021-495x400.jpg 495w, https:\/\/christmann-foto.de\/wp-content\/uploads\/2022\/03\/1995-sarajevo-00021-845x684.jpg 845w\" sizes=\"(max-width: 495px) 100vw, 495px\" \/><div class='big-prev-fake'><img decoding=\"async\" loading=\"lazy\" class=\"wp-image-401 avia-img-lazy-loading-401\"  width=\"495\" height=\"400\" src=\"https:\/\/christmann-foto.de\/wp-content\/uploads\/2022\/03\/1995-sarajevo-00021-495x400.jpg\" title='1995-sarajevo-00021' alt='' srcset=\"https:\/\/christmann-foto.de\/wp-content\/uploads\/2022\/03\/1995-sarajevo-00021-495x400.jpg 495w, https:\/\/christmann-foto.de\/wp-content\/uploads\/2022\/03\/1995-sarajevo-00021-845x684.jpg 845w\" sizes=\"(max-width: 495px) 100vw, 495px\" \/><\/div><\/a><a href=\"https:\/\/christmann-foto.de\/wp-content\/uploads\/2022\/03\/1995-sarajevo-00020-1030x823.jpg\" data-srcset=\"https:\/\/christmann-foto.de\/wp-content\/uploads\/2022\/03\/1995-sarajevo-00020-1030x823.jpg 1030w, https:\/\/christmann-foto.de\/wp-content\/uploads\/2022\/03\/1995-sarajevo-00020-300x240.jpg 300w, https:\/\/christmann-foto.de\/wp-content\/uploads\/2022\/03\/1995-sarajevo-00020-768x614.jpg 768w, https:\/\/christmann-foto.de\/wp-content\/uploads\/2022\/03\/1995-sarajevo-00020-1536x1228.jpg 1536w, https:\/\/christmann-foto.de\/wp-content\/uploads\/2022\/03\/1995-sarajevo-00020-1500x1199.jpg 1500w, https:\/\/christmann-foto.de\/wp-content\/uploads\/2022\/03\/1995-sarajevo-00020-705x564.jpg 705w, https:\/\/christmann-foto.de\/wp-content\/uploads\/2022\/03\/1995-sarajevo-00020-600x480.jpg 600w, https:\/\/christmann-foto.de\/wp-content\/uploads\/2022\/03\/1995-sarajevo-00020.jpg 2000w\" data-sizes=\"(max-width: 1030px) 100vw, 1030px\" data-rel='gallery-1' data-prev-img='https:\/\/christmann-foto.de\/wp-content\/uploads\/2022\/03\/1995-sarajevo-00020-495x400.jpg' class='lightbox ' data-onclick='4' title='1995-sarajevo-00020'  itemprop=\"thumbnailUrl\"  ><img decoding=\"async\" class=\"wp-image-400 avia-img-lazy-loading-not-400\"   src=\"https:\/\/christmann-foto.de\/wp-content\/uploads\/2022\/03\/1995-sarajevo-00020-495x400.jpg\" width=\"495\" height=\"400\"  title='1995-sarajevo-00020' alt='' srcset=\"https:\/\/christmann-foto.de\/wp-content\/uploads\/2022\/03\/1995-sarajevo-00020-495x400.jpg 495w, https:\/\/christmann-foto.de\/wp-content\/uploads\/2022\/03\/1995-sarajevo-00020-845x684.jpg 845w\" sizes=\"(max-width: 495px) 100vw, 495px\" \/><div class='big-prev-fake'><img decoding=\"async\" loading=\"lazy\" class=\"wp-image-400 avia-img-lazy-loading-400\"  width=\"495\" height=\"400\" src=\"https:\/\/christmann-foto.de\/wp-content\/uploads\/2022\/03\/1995-sarajevo-00020-495x400.jpg\" title='1995-sarajevo-00020' alt='' srcset=\"https:\/\/christmann-foto.de\/wp-content\/uploads\/2022\/03\/1995-sarajevo-00020-495x400.jpg 495w, https:\/\/christmann-foto.de\/wp-content\/uploads\/2022\/03\/1995-sarajevo-00020-845x684.jpg 845w\" sizes=\"(max-width: 495px) 100vw, 495px\" \/><\/div><\/a><a href=\"https:\/\/christmann-foto.de\/wp-content\/uploads\/2022\/03\/1995-sarajevo-00019-1030x820.jpg\" data-srcset=\"https:\/\/christmann-foto.de\/wp-content\/uploads\/2022\/03\/1995-sarajevo-00019-1030x820.jpg 1030w, https:\/\/christmann-foto.de\/wp-content\/uploads\/2022\/03\/1995-sarajevo-00019-300x239.jpg 300w, https:\/\/christmann-foto.de\/wp-content\/uploads\/2022\/03\/1995-sarajevo-00019-768x612.jpg 768w, https:\/\/christmann-foto.de\/wp-content\/uploads\/2022\/03\/1995-sarajevo-00019-1536x1223.jpg 1536w, https:\/\/christmann-foto.de\/wp-content\/uploads\/2022\/03\/1995-sarajevo-00019-1500x1195.jpg 1500w, https:\/\/christmann-foto.de\/wp-content\/uploads\/2022\/03\/1995-sarajevo-00019-705x562.jpg 705w, https:\/\/christmann-foto.de\/wp-content\/uploads\/2022\/03\/1995-sarajevo-00019-600x478.jpg 600w, https:\/\/christmann-foto.de\/wp-content\/uploads\/2022\/03\/1995-sarajevo-00019.jpg 2000w\" data-sizes=\"(max-width: 1030px) 100vw, 1030px\" data-rel='gallery-1' data-prev-img='https:\/\/christmann-foto.de\/wp-content\/uploads\/2022\/03\/1995-sarajevo-00019-495x400.jpg' class='lightbox ' data-onclick='5' title='1995-sarajevo-00019'  itemprop=\"thumbnailUrl\"  ><img decoding=\"async\" class=\"wp-image-399 avia-img-lazy-loading-not-399\"   src=\"https:\/\/christmann-foto.de\/wp-content\/uploads\/2022\/03\/1995-sarajevo-00019-495x400.jpg\" width=\"495\" height=\"400\"  title='1995-sarajevo-00019' alt='' srcset=\"https:\/\/christmann-foto.de\/wp-content\/uploads\/2022\/03\/1995-sarajevo-00019-495x400.jpg 495w, https:\/\/christmann-foto.de\/wp-content\/uploads\/2022\/03\/1995-sarajevo-00019-845x684.jpg 845w\" sizes=\"(max-width: 495px) 100vw, 495px\" \/><div class='big-prev-fake'><img decoding=\"async\" loading=\"lazy\" class=\"wp-image-399 avia-img-lazy-loading-399\"  width=\"495\" height=\"400\" src=\"https:\/\/christmann-foto.de\/wp-content\/uploads\/2022\/03\/1995-sarajevo-00019-495x400.jpg\" title='1995-sarajevo-00019' alt='' srcset=\"https:\/\/christmann-foto.de\/wp-content\/uploads\/2022\/03\/1995-sarajevo-00019-495x400.jpg 495w, https:\/\/christmann-foto.de\/wp-content\/uploads\/2022\/03\/1995-sarajevo-00019-845x684.jpg 845w\" sizes=\"(max-width: 495px) 100vw, 495px\" \/><\/div><\/a><a href=\"https:\/\/christmann-foto.de\/wp-content\/uploads\/2022\/03\/1995-sarajevo-00018-1030x827.jpg\" data-srcset=\"https:\/\/christmann-foto.de\/wp-content\/uploads\/2022\/03\/1995-sarajevo-00018-1030x827.jpg 1030w, https:\/\/christmann-foto.de\/wp-content\/uploads\/2022\/03\/1995-sarajevo-00018-300x241.jpg 300w, https:\/\/christmann-foto.de\/wp-content\/uploads\/2022\/03\/1995-sarajevo-00018-768x617.jpg 768w, https:\/\/christmann-foto.de\/wp-content\/uploads\/2022\/03\/1995-sarajevo-00018-1536x1233.jpg 1536w, https:\/\/christmann-foto.de\/wp-content\/uploads\/2022\/03\/1995-sarajevo-00018-1500x1205.jpg 1500w, https:\/\/christmann-foto.de\/wp-content\/uploads\/2022\/03\/1995-sarajevo-00018-705x566.jpg 705w, https:\/\/christmann-foto.de\/wp-content\/uploads\/2022\/03\/1995-sarajevo-00018-600x482.jpg 600w, https:\/\/christmann-foto.de\/wp-content\/uploads\/2022\/03\/1995-sarajevo-00018.jpg 2000w\" data-sizes=\"(max-width: 1030px) 100vw, 1030px\" data-rel='gallery-1' data-prev-img='https:\/\/christmann-foto.de\/wp-content\/uploads\/2022\/03\/1995-sarajevo-00018-495x400.jpg' class='first_thumb lightbox ' data-onclick='6' title='1995-sarajevo-00018'  itemprop=\"thumbnailUrl\"  ><img decoding=\"async\" class=\"wp-image-398 avia-img-lazy-loading-not-398\"   src=\"https:\/\/christmann-foto.de\/wp-content\/uploads\/2022\/03\/1995-sarajevo-00018-495x400.jpg\" width=\"495\" height=\"400\"  title='1995-sarajevo-00018' alt='' srcset=\"https:\/\/christmann-foto.de\/wp-content\/uploads\/2022\/03\/1995-sarajevo-00018-495x400.jpg 495w, https:\/\/christmann-foto.de\/wp-content\/uploads\/2022\/03\/1995-sarajevo-00018-300x241.jpg 300w, https:\/\/christmann-foto.de\/wp-content\/uploads\/2022\/03\/1995-sarajevo-00018-845x684.jpg 845w\" sizes=\"(max-width: 495px) 100vw, 495px\" \/><div class='big-prev-fake'><img decoding=\"async\" loading=\"lazy\" class=\"wp-image-398 avia-img-lazy-loading-398\"  width=\"495\" height=\"400\" src=\"https:\/\/christmann-foto.de\/wp-content\/uploads\/2022\/03\/1995-sarajevo-00018-495x400.jpg\" title='1995-sarajevo-00018' alt='' srcset=\"https:\/\/christmann-foto.de\/wp-content\/uploads\/2022\/03\/1995-sarajevo-00018-495x400.jpg 495w, https:\/\/christmann-foto.de\/wp-content\/uploads\/2022\/03\/1995-sarajevo-00018-300x241.jpg 300w, https:\/\/christmann-foto.de\/wp-content\/uploads\/2022\/03\/1995-sarajevo-00018-845x684.jpg 845w\" sizes=\"(max-width: 495px) 100vw, 495px\" \/><\/div><\/a><a href=\"https:\/\/christmann-foto.de\/wp-content\/uploads\/2022\/03\/1995-sarajevo-00017-1030x819.jpg\" data-srcset=\"https:\/\/christmann-foto.de\/wp-content\/uploads\/2022\/03\/1995-sarajevo-00017-1030x819.jpg 1030w, https:\/\/christmann-foto.de\/wp-content\/uploads\/2022\/03\/1995-sarajevo-00017-300x239.jpg 300w, https:\/\/christmann-foto.de\/wp-content\/uploads\/2022\/03\/1995-sarajevo-00017-768x611.jpg 768w, https:\/\/christmann-foto.de\/wp-content\/uploads\/2022\/03\/1995-sarajevo-00017-1536x1221.jpg 1536w, https:\/\/christmann-foto.de\/wp-content\/uploads\/2022\/03\/1995-sarajevo-00017-1500x1193.jpg 1500w, https:\/\/christmann-foto.de\/wp-content\/uploads\/2022\/03\/1995-sarajevo-00017-705x560.jpg 705w, https:\/\/christmann-foto.de\/wp-content\/uploads\/2022\/03\/1995-sarajevo-00017-600x477.jpg 600w, https:\/\/christmann-foto.de\/wp-content\/uploads\/2022\/03\/1995-sarajevo-00017.jpg 2000w\" data-sizes=\"(max-width: 1030px) 100vw, 1030px\" data-rel='gallery-1' data-prev-img='https:\/\/christmann-foto.de\/wp-content\/uploads\/2022\/03\/1995-sarajevo-00017-495x400.jpg' class='lightbox ' data-onclick='7' title='1995-sarajevo-00017'  itemprop=\"thumbnailUrl\"  ><img decoding=\"async\" class=\"wp-image-397 avia-img-lazy-loading-not-397\"   src=\"https:\/\/christmann-foto.de\/wp-content\/uploads\/2022\/03\/1995-sarajevo-00017-495x400.jpg\" width=\"495\" height=\"400\"  title='1995-sarajevo-00017' alt='' srcset=\"https:\/\/christmann-foto.de\/wp-content\/uploads\/2022\/03\/1995-sarajevo-00017-495x400.jpg 495w, https:\/\/christmann-foto.de\/wp-content\/uploads\/2022\/03\/1995-sarajevo-00017-845x684.jpg 845w\" sizes=\"(max-width: 495px) 100vw, 495px\" \/><div class='big-prev-fake'><img decoding=\"async\" loading=\"lazy\" class=\"wp-image-397 avia-img-lazy-loading-397\"  width=\"495\" height=\"400\" src=\"https:\/\/christmann-foto.de\/wp-content\/uploads\/2022\/03\/1995-sarajevo-00017-495x400.jpg\" title='1995-sarajevo-00017' alt='' srcset=\"https:\/\/christmann-foto.de\/wp-content\/uploads\/2022\/03\/1995-sarajevo-00017-495x400.jpg 495w, https:\/\/christmann-foto.de\/wp-content\/uploads\/2022\/03\/1995-sarajevo-00017-845x684.jpg 845w\" sizes=\"(max-width: 495px) 100vw, 495px\" \/><\/div><\/a><a href=\"https:\/\/christmann-foto.de\/wp-content\/uploads\/2022\/03\/1995-sarajevo-00016-1030x831.jpg\" data-srcset=\"https:\/\/christmann-foto.de\/wp-content\/uploads\/2022\/03\/1995-sarajevo-00016-1030x831.jpg 1030w, https:\/\/christmann-foto.de\/wp-content\/uploads\/2022\/03\/1995-sarajevo-00016-300x242.jpg 300w, https:\/\/christmann-foto.de\/wp-content\/uploads\/2022\/03\/1995-sarajevo-00016-768x620.jpg 768w, https:\/\/christmann-foto.de\/wp-content\/uploads\/2022\/03\/1995-sarajevo-00016-1536x1240.jpg 1536w, https:\/\/christmann-foto.de\/wp-content\/uploads\/2022\/03\/1995-sarajevo-00016-1500x1211.jpg 1500w, https:\/\/christmann-foto.de\/wp-content\/uploads\/2022\/03\/1995-sarajevo-00016-495x400.jpg 495w, https:\/\/christmann-foto.de\/wp-content\/uploads\/2022\/03\/1995-sarajevo-00016-705x569.jpg 705w, https:\/\/christmann-foto.de\/wp-content\/uploads\/2022\/03\/1995-sarajevo-00016-600x484.jpg 600w, https:\/\/christmann-foto.de\/wp-content\/uploads\/2022\/03\/1995-sarajevo-00016.jpg 2000w\" data-sizes=\"(max-width: 1030px) 100vw, 1030px\" data-rel='gallery-1' data-prev-img='https:\/\/christmann-foto.de\/wp-content\/uploads\/2022\/03\/1995-sarajevo-00016-495x400.jpg' class='lightbox ' data-onclick='8' title='1995-sarajevo-00016'  itemprop=\"thumbnailUrl\"  ><img decoding=\"async\" class=\"wp-image-396 avia-img-lazy-loading-not-396\"   src=\"https:\/\/christmann-foto.de\/wp-content\/uploads\/2022\/03\/1995-sarajevo-00016-495x400.jpg\" width=\"495\" height=\"400\"  title='1995-sarajevo-00016' alt='' srcset=\"https:\/\/christmann-foto.de\/wp-content\/uploads\/2022\/03\/1995-sarajevo-00016-495x400.jpg 495w, https:\/\/christmann-foto.de\/wp-content\/uploads\/2022\/03\/1995-sarajevo-00016-300x242.jpg 300w, https:\/\/christmann-foto.de\/wp-content\/uploads\/2022\/03\/1995-sarajevo-00016-1030x831.jpg 1030w, https:\/\/christmann-foto.de\/wp-content\/uploads\/2022\/03\/1995-sarajevo-00016-768x620.jpg 768w, https:\/\/christmann-foto.de\/wp-content\/uploads\/2022\/03\/1995-sarajevo-00016-1536x1240.jpg 1536w, https:\/\/christmann-foto.de\/wp-content\/uploads\/2022\/03\/1995-sarajevo-00016-1500x1211.jpg 1500w, https:\/\/christmann-foto.de\/wp-content\/uploads\/2022\/03\/1995-sarajevo-00016-845x684.jpg 845w, https:\/\/christmann-foto.de\/wp-content\/uploads\/2022\/03\/1995-sarajevo-00016-705x569.jpg 705w, https:\/\/christmann-foto.de\/wp-content\/uploads\/2022\/03\/1995-sarajevo-00016-600x484.jpg 600w, https:\/\/christmann-foto.de\/wp-content\/uploads\/2022\/03\/1995-sarajevo-00016.jpg 2000w\" sizes=\"(max-width: 495px) 100vw, 495px\" \/><div class='big-prev-fake'><img decoding=\"async\" loading=\"lazy\" class=\"wp-image-396 avia-img-lazy-loading-396\"  width=\"495\" height=\"400\" src=\"https:\/\/christmann-foto.de\/wp-content\/uploads\/2022\/03\/1995-sarajevo-00016-495x400.jpg\" title='1995-sarajevo-00016' alt='' srcset=\"https:\/\/christmann-foto.de\/wp-content\/uploads\/2022\/03\/1995-sarajevo-00016-495x400.jpg 495w, https:\/\/christmann-foto.de\/wp-content\/uploads\/2022\/03\/1995-sarajevo-00016-300x242.jpg 300w, https:\/\/christmann-foto.de\/wp-content\/uploads\/2022\/03\/1995-sarajevo-00016-1030x831.jpg 1030w, https:\/\/christmann-foto.de\/wp-content\/uploads\/2022\/03\/1995-sarajevo-00016-768x620.jpg 768w, https:\/\/christmann-foto.de\/wp-content\/uploads\/2022\/03\/1995-sarajevo-00016-1536x1240.jpg 1536w, https:\/\/christmann-foto.de\/wp-content\/uploads\/2022\/03\/1995-sarajevo-00016-1500x1211.jpg 1500w, https:\/\/christmann-foto.de\/wp-content\/uploads\/2022\/03\/1995-sarajevo-00016-845x684.jpg 845w, https:\/\/christmann-foto.de\/wp-content\/uploads\/2022\/03\/1995-sarajevo-00016-705x569.jpg 705w, https:\/\/christmann-foto.de\/wp-content\/uploads\/2022\/03\/1995-sarajevo-00016-600x484.jpg 600w, https:\/\/christmann-foto.de\/wp-content\/uploads\/2022\/03\/1995-sarajevo-00016.jpg 2000w\" sizes=\"(max-width: 495px) 100vw, 495px\" \/><\/div><\/a><a href=\"https:\/\/christmann-foto.de\/wp-content\/uploads\/2022\/03\/1995-sarajevo-00015-1030x824.jpg\" data-srcset=\"https:\/\/christmann-foto.de\/wp-content\/uploads\/2022\/03\/1995-sarajevo-00015-1030x824.jpg 1030w, https:\/\/christmann-foto.de\/wp-content\/uploads\/2022\/03\/1995-sarajevo-00015-300x240.jpg 300w, https:\/\/christmann-foto.de\/wp-content\/uploads\/2022\/03\/1995-sarajevo-00015-768x614.jpg 768w, https:\/\/christmann-foto.de\/wp-content\/uploads\/2022\/03\/1995-sarajevo-00015-1536x1229.jpg 1536w, https:\/\/christmann-foto.de\/wp-content\/uploads\/2022\/03\/1995-sarajevo-00015-1500x1200.jpg 1500w, https:\/\/christmann-foto.de\/wp-content\/uploads\/2022\/03\/1995-sarajevo-00015-705x564.jpg 705w, https:\/\/christmann-foto.de\/wp-content\/uploads\/2022\/03\/1995-sarajevo-00015-600x480.jpg 600w, https:\/\/christmann-foto.de\/wp-content\/uploads\/2022\/03\/1995-sarajevo-00015.jpg 2000w\" data-sizes=\"(max-width: 1030px) 100vw, 1030px\" data-rel='gallery-1' data-prev-img='https:\/\/christmann-foto.de\/wp-content\/uploads\/2022\/03\/1995-sarajevo-00015-495x400.jpg' class='lightbox ' data-onclick='9' title='1995-sarajevo-00015'  itemprop=\"thumbnailUrl\"  ><img decoding=\"async\" class=\"wp-image-395 avia-img-lazy-loading-not-395\"   src=\"https:\/\/christmann-foto.de\/wp-content\/uploads\/2022\/03\/1995-sarajevo-00015-495x400.jpg\" width=\"495\" height=\"400\"  title='1995-sarajevo-00015' alt='' srcset=\"https:\/\/christmann-foto.de\/wp-content\/uploads\/2022\/03\/1995-sarajevo-00015-495x400.jpg 495w, https:\/\/christmann-foto.de\/wp-content\/uploads\/2022\/03\/1995-sarajevo-00015-845x684.jpg 845w\" sizes=\"(max-width: 495px) 100vw, 495px\" \/><div class='big-prev-fake'><img decoding=\"async\" loading=\"lazy\" class=\"wp-image-395 avia-img-lazy-loading-395\"  width=\"495\" height=\"400\" src=\"https:\/\/christmann-foto.de\/wp-content\/uploads\/2022\/03\/1995-sarajevo-00015-495x400.jpg\" title='1995-sarajevo-00015' alt='' srcset=\"https:\/\/christmann-foto.de\/wp-content\/uploads\/2022\/03\/1995-sarajevo-00015-495x400.jpg 495w, https:\/\/christmann-foto.de\/wp-content\/uploads\/2022\/03\/1995-sarajevo-00015-845x684.jpg 845w\" sizes=\"(max-width: 495px) 100vw, 495px\" \/><\/div><\/a><a href=\"https:\/\/christmann-foto.de\/wp-content\/uploads\/2022\/03\/1995-sarajevo-00014-1030x827.jpg\" data-srcset=\"https:\/\/christmann-foto.de\/wp-content\/uploads\/2022\/03\/1995-sarajevo-00014-1030x827.jpg 1030w, https:\/\/christmann-foto.de\/wp-content\/uploads\/2022\/03\/1995-sarajevo-00014-300x241.jpg 300w, https:\/\/christmann-foto.de\/wp-content\/uploads\/2022\/03\/1995-sarajevo-00014-768x616.jpg 768w, https:\/\/christmann-foto.de\/wp-content\/uploads\/2022\/03\/1995-sarajevo-00014-1536x1233.jpg 1536w, https:\/\/christmann-foto.de\/wp-content\/uploads\/2022\/03\/1995-sarajevo-00014-1500x1204.jpg 1500w, https:\/\/christmann-foto.de\/wp-content\/uploads\/2022\/03\/1995-sarajevo-00014-705x566.jpg 705w, https:\/\/christmann-foto.de\/wp-content\/uploads\/2022\/03\/1995-sarajevo-00014-600x482.jpg 600w, https:\/\/christmann-foto.de\/wp-content\/uploads\/2022\/03\/1995-sarajevo-00014.jpg 2000w\" data-sizes=\"(max-width: 1030px) 100vw, 1030px\" data-rel='gallery-1' data-prev-img='https:\/\/christmann-foto.de\/wp-content\/uploads\/2022\/03\/1995-sarajevo-00014-495x400.jpg' class='lightbox ' data-onclick='10' title='1995-sarajevo-00014'  itemprop=\"thumbnailUrl\"  ><img decoding=\"async\" class=\"wp-image-394 avia-img-lazy-loading-not-394\"   src=\"https:\/\/christmann-foto.de\/wp-content\/uploads\/2022\/03\/1995-sarajevo-00014-495x400.jpg\" width=\"495\" height=\"400\"  title='1995-sarajevo-00014' alt='' srcset=\"https:\/\/christmann-foto.de\/wp-content\/uploads\/2022\/03\/1995-sarajevo-00014-495x400.jpg 495w, https:\/\/christmann-foto.de\/wp-content\/uploads\/2022\/03\/1995-sarajevo-00014-300x241.jpg 300w, https:\/\/christmann-foto.de\/wp-content\/uploads\/2022\/03\/1995-sarajevo-00014-845x684.jpg 845w\" sizes=\"(max-width: 495px) 100vw, 495px\" \/><div class='big-prev-fake'><img decoding=\"async\" loading=\"lazy\" class=\"wp-image-394 avia-img-lazy-loading-394\"  width=\"495\" height=\"400\" src=\"https:\/\/christmann-foto.de\/wp-content\/uploads\/2022\/03\/1995-sarajevo-00014-495x400.jpg\" title='1995-sarajevo-00014' alt='' srcset=\"https:\/\/christmann-foto.de\/wp-content\/uploads\/2022\/03\/1995-sarajevo-00014-495x400.jpg 495w, https:\/\/christmann-foto.de\/wp-content\/uploads\/2022\/03\/1995-sarajevo-00014-300x241.jpg 300w, https:\/\/christmann-foto.de\/wp-content\/uploads\/2022\/03\/1995-sarajevo-00014-845x684.jpg 845w\" sizes=\"(max-width: 495px) 100vw, 495px\" \/><\/div><\/a><a href=\"https:\/\/christmann-foto.de\/wp-content\/uploads\/2022\/03\/1995-sarajevo-00013-1030x817.jpg\" data-srcset=\"https:\/\/christmann-foto.de\/wp-content\/uploads\/2022\/03\/1995-sarajevo-00013-1030x817.jpg 1030w, https:\/\/christmann-foto.de\/wp-content\/uploads\/2022\/03\/1995-sarajevo-00013-300x238.jpg 300w, https:\/\/christmann-foto.de\/wp-content\/uploads\/2022\/03\/1995-sarajevo-00013-768x609.jpg 768w, https:\/\/christmann-foto.de\/wp-content\/uploads\/2022\/03\/1995-sarajevo-00013-1536x1219.jpg 1536w, https:\/\/christmann-foto.de\/wp-content\/uploads\/2022\/03\/1995-sarajevo-00013-1500x1190.jpg 1500w, https:\/\/christmann-foto.de\/wp-content\/uploads\/2022\/03\/1995-sarajevo-00013-705x559.jpg 705w, https:\/\/christmann-foto.de\/wp-content\/uploads\/2022\/03\/1995-sarajevo-00013-600x476.jpg 600w, https:\/\/christmann-foto.de\/wp-content\/uploads\/2022\/03\/1995-sarajevo-00013.jpg 2000w\" data-sizes=\"(max-width: 1030px) 100vw, 1030px\" data-rel='gallery-1' data-prev-img='https:\/\/christmann-foto.de\/wp-content\/uploads\/2022\/03\/1995-sarajevo-00013-495x400.jpg' class='first_thumb lightbox ' data-onclick='11' title='1995-sarajevo-00013'  itemprop=\"thumbnailUrl\"  ><img decoding=\"async\" class=\"wp-image-393 avia-img-lazy-loading-not-393\"   src=\"https:\/\/christmann-foto.de\/wp-content\/uploads\/2022\/03\/1995-sarajevo-00013-495x400.jpg\" width=\"495\" height=\"400\"  title='1995-sarajevo-00013' alt='' srcset=\"https:\/\/christmann-foto.de\/wp-content\/uploads\/2022\/03\/1995-sarajevo-00013-495x400.jpg 495w, https:\/\/christmann-foto.de\/wp-content\/uploads\/2022\/03\/1995-sarajevo-00013-845x684.jpg 845w\" sizes=\"(max-width: 495px) 100vw, 495px\" \/><div class='big-prev-fake'><img decoding=\"async\" loading=\"lazy\" class=\"wp-image-393 avia-img-lazy-loading-393\"  width=\"495\" height=\"400\" src=\"https:\/\/christmann-foto.de\/wp-content\/uploads\/2022\/03\/1995-sarajevo-00013-495x400.jpg\" title='1995-sarajevo-00013' alt='' srcset=\"https:\/\/christmann-foto.de\/wp-content\/uploads\/2022\/03\/1995-sarajevo-00013-495x400.jpg 495w, https:\/\/christmann-foto.de\/wp-content\/uploads\/2022\/03\/1995-sarajevo-00013-845x684.jpg 845w\" sizes=\"(max-width: 495px) 100vw, 495px\" \/><\/div><\/a><a href=\"https:\/\/christmann-foto.de\/wp-content\/uploads\/2022\/03\/1995-sarajevo-00012-1030x822.jpg\" data-srcset=\"https:\/\/christmann-foto.de\/wp-content\/uploads\/2022\/03\/1995-sarajevo-00012-1030x822.jpg 1030w, https:\/\/christmann-foto.de\/wp-content\/uploads\/2022\/03\/1995-sarajevo-00012-300x240.jpg 300w, https:\/\/christmann-foto.de\/wp-content\/uploads\/2022\/03\/1995-sarajevo-00012-768x613.jpg 768w, https:\/\/christmann-foto.de\/wp-content\/uploads\/2022\/03\/1995-sarajevo-00012-1536x1226.jpg 1536w, https:\/\/christmann-foto.de\/wp-content\/uploads\/2022\/03\/1995-sarajevo-00012-1500x1198.jpg 1500w, https:\/\/christmann-foto.de\/wp-content\/uploads\/2022\/03\/1995-sarajevo-00012-705x563.jpg 705w, https:\/\/christmann-foto.de\/wp-content\/uploads\/2022\/03\/1995-sarajevo-00012-600x479.jpg 600w, https:\/\/christmann-foto.de\/wp-content\/uploads\/2022\/03\/1995-sarajevo-00012.jpg 2000w\" data-sizes=\"(max-width: 1030px) 100vw, 1030px\" data-rel='gallery-1' data-prev-img='https:\/\/christmann-foto.de\/wp-content\/uploads\/2022\/03\/1995-sarajevo-00012-495x400.jpg' class='lightbox ' data-onclick='12' title='1995-sarajevo-00012'  itemprop=\"thumbnailUrl\"  ><img decoding=\"async\" class=\"wp-image-392 avia-img-lazy-loading-not-392\"   src=\"https:\/\/christmann-foto.de\/wp-content\/uploads\/2022\/03\/1995-sarajevo-00012-495x400.jpg\" width=\"495\" height=\"400\"  title='1995-sarajevo-00012' alt='' srcset=\"https:\/\/christmann-foto.de\/wp-content\/uploads\/2022\/03\/1995-sarajevo-00012-495x400.jpg 495w, https:\/\/christmann-foto.de\/wp-content\/uploads\/2022\/03\/1995-sarajevo-00012-845x684.jpg 845w\" sizes=\"(max-width: 495px) 100vw, 495px\" \/><div class='big-prev-fake'><img decoding=\"async\" loading=\"lazy\" class=\"wp-image-392 avia-img-lazy-loading-392\"  width=\"495\" height=\"400\" src=\"https:\/\/christmann-foto.de\/wp-content\/uploads\/2022\/03\/1995-sarajevo-00012-495x400.jpg\" title='1995-sarajevo-00012' alt='' srcset=\"https:\/\/christmann-foto.de\/wp-content\/uploads\/2022\/03\/1995-sarajevo-00012-495x400.jpg 495w, https:\/\/christmann-foto.de\/wp-content\/uploads\/2022\/03\/1995-sarajevo-00012-845x684.jpg 845w\" sizes=\"(max-width: 495px) 100vw, 495px\" \/><\/div><\/a><a href=\"https:\/\/christmann-foto.de\/wp-content\/uploads\/2022\/03\/1995-sarajevo-00011-1030x819.jpg\" data-srcset=\"https:\/\/christmann-foto.de\/wp-content\/uploads\/2022\/03\/1995-sarajevo-00011-1030x819.jpg 1030w, https:\/\/christmann-foto.de\/wp-content\/uploads\/2022\/03\/1995-sarajevo-00011-300x239.jpg 300w, https:\/\/christmann-foto.de\/wp-content\/uploads\/2022\/03\/1995-sarajevo-00011-768x611.jpg 768w, https:\/\/christmann-foto.de\/wp-content\/uploads\/2022\/03\/1995-sarajevo-00011-1536x1221.jpg 1536w, https:\/\/christmann-foto.de\/wp-content\/uploads\/2022\/03\/1995-sarajevo-00011-1500x1193.jpg 1500w, https:\/\/christmann-foto.de\/wp-content\/uploads\/2022\/03\/1995-sarajevo-00011-705x560.jpg 705w, https:\/\/christmann-foto.de\/wp-content\/uploads\/2022\/03\/1995-sarajevo-00011-600x477.jpg 600w, https:\/\/christmann-foto.de\/wp-content\/uploads\/2022\/03\/1995-sarajevo-00011.jpg 2000w\" data-sizes=\"(max-width: 1030px) 100vw, 1030px\" data-rel='gallery-1' data-prev-img='https:\/\/christmann-foto.de\/wp-content\/uploads\/2022\/03\/1995-sarajevo-00011-495x400.jpg' class='lightbox ' data-onclick='13' title='1995-sarajevo-00011'  itemprop=\"thumbnailUrl\"  ><img decoding=\"async\" class=\"wp-image-391 avia-img-lazy-loading-not-391\"   src=\"https:\/\/christmann-foto.de\/wp-content\/uploads\/2022\/03\/1995-sarajevo-00011-495x400.jpg\" width=\"495\" height=\"400\"  title='1995-sarajevo-00011' alt='' srcset=\"https:\/\/christmann-foto.de\/wp-content\/uploads\/2022\/03\/1995-sarajevo-00011-495x400.jpg 495w, https:\/\/christmann-foto.de\/wp-content\/uploads\/2022\/03\/1995-sarajevo-00011-845x684.jpg 845w\" sizes=\"(max-width: 495px) 100vw, 495px\" \/><div class='big-prev-fake'><img decoding=\"async\" loading=\"lazy\" class=\"wp-image-391 avia-img-lazy-loading-391\"  width=\"495\" height=\"400\" src=\"https:\/\/christmann-foto.de\/wp-content\/uploads\/2022\/03\/1995-sarajevo-00011-495x400.jpg\" title='1995-sarajevo-00011' alt='' srcset=\"https:\/\/christmann-foto.de\/wp-content\/uploads\/2022\/03\/1995-sarajevo-00011-495x400.jpg 495w, https:\/\/christmann-foto.de\/wp-content\/uploads\/2022\/03\/1995-sarajevo-00011-845x684.jpg 845w\" sizes=\"(max-width: 495px) 100vw, 495px\" \/><\/div><\/a><a href=\"https:\/\/christmann-foto.de\/wp-content\/uploads\/2022\/03\/1995-sarajevo-00010-1030x825.jpg\" data-srcset=\"https:\/\/christmann-foto.de\/wp-content\/uploads\/2022\/03\/1995-sarajevo-00010-1030x825.jpg 1030w, https:\/\/christmann-foto.de\/wp-content\/uploads\/2022\/03\/1995-sarajevo-00010-300x240.jpg 300w, https:\/\/christmann-foto.de\/wp-content\/uploads\/2022\/03\/1995-sarajevo-00010-768x615.jpg 768w, https:\/\/christmann-foto.de\/wp-content\/uploads\/2022\/03\/1995-sarajevo-00010-1536x1230.jpg 1536w, https:\/\/christmann-foto.de\/wp-content\/uploads\/2022\/03\/1995-sarajevo-00010-1500x1202.jpg 1500w, https:\/\/christmann-foto.de\/wp-content\/uploads\/2022\/03\/1995-sarajevo-00010-705x565.jpg 705w, https:\/\/christmann-foto.de\/wp-content\/uploads\/2022\/03\/1995-sarajevo-00010-600x481.jpg 600w, https:\/\/christmann-foto.de\/wp-content\/uploads\/2022\/03\/1995-sarajevo-00010.jpg 2000w\" data-sizes=\"(max-width: 1030px) 100vw, 1030px\" data-rel='gallery-1' data-prev-img='https:\/\/christmann-foto.de\/wp-content\/uploads\/2022\/03\/1995-sarajevo-00010-495x400.jpg' class='lightbox ' data-onclick='14' title='1995-sarajevo-00010'  itemprop=\"thumbnailUrl\"  ><img decoding=\"async\" class=\"wp-image-390 avia-img-lazy-loading-not-390\"   src=\"https:\/\/christmann-foto.de\/wp-content\/uploads\/2022\/03\/1995-sarajevo-00010-495x400.jpg\" width=\"495\" height=\"400\"  title='1995-sarajevo-00010' alt='' srcset=\"https:\/\/christmann-foto.de\/wp-content\/uploads\/2022\/03\/1995-sarajevo-00010-495x400.jpg 495w, https:\/\/christmann-foto.de\/wp-content\/uploads\/2022\/03\/1995-sarajevo-00010-845x684.jpg 845w\" sizes=\"(max-width: 495px) 100vw, 495px\" \/><div class='big-prev-fake'><img decoding=\"async\" loading=\"lazy\" class=\"wp-image-390 avia-img-lazy-loading-390\"  width=\"495\" height=\"400\" src=\"https:\/\/christmann-foto.de\/wp-content\/uploads\/2022\/03\/1995-sarajevo-00010-495x400.jpg\" title='1995-sarajevo-00010' alt='' srcset=\"https:\/\/christmann-foto.de\/wp-content\/uploads\/2022\/03\/1995-sarajevo-00010-495x400.jpg 495w, https:\/\/christmann-foto.de\/wp-content\/uploads\/2022\/03\/1995-sarajevo-00010-845x684.jpg 845w\" sizes=\"(max-width: 495px) 100vw, 495px\" \/><\/div><\/a><a href=\"https:\/\/christmann-foto.de\/wp-content\/uploads\/2022\/03\/1995-sarajevo-00009-1030x819.jpg\" data-srcset=\"https:\/\/christmann-foto.de\/wp-content\/uploads\/2022\/03\/1995-sarajevo-00009-1030x819.jpg 1030w, https:\/\/christmann-foto.de\/wp-content\/uploads\/2022\/03\/1995-sarajevo-00009-300x239.jpg 300w, https:\/\/christmann-foto.de\/wp-content\/uploads\/2022\/03\/1995-sarajevo-00009-768x611.jpg 768w, https:\/\/christmann-foto.de\/wp-content\/uploads\/2022\/03\/1995-sarajevo-00009-1536x1222.jpg 1536w, https:\/\/christmann-foto.de\/wp-content\/uploads\/2022\/03\/1995-sarajevo-00009-1500x1193.jpg 1500w, https:\/\/christmann-foto.de\/wp-content\/uploads\/2022\/03\/1995-sarajevo-00009-705x561.jpg 705w, https:\/\/christmann-foto.de\/wp-content\/uploads\/2022\/03\/1995-sarajevo-00009-600x477.jpg 600w, https:\/\/christmann-foto.de\/wp-content\/uploads\/2022\/03\/1995-sarajevo-00009.jpg 2000w\" data-sizes=\"(max-width: 1030px) 100vw, 1030px\" data-rel='gallery-1' data-prev-img='https:\/\/christmann-foto.de\/wp-content\/uploads\/2022\/03\/1995-sarajevo-00009-495x400.jpg' class='lightbox ' data-onclick='15' title='1995-sarajevo-00009'  itemprop=\"thumbnailUrl\"  ><img decoding=\"async\" class=\"wp-image-389 avia-img-lazy-loading-not-389\"   src=\"https:\/\/christmann-foto.de\/wp-content\/uploads\/2022\/03\/1995-sarajevo-00009-495x400.jpg\" width=\"495\" height=\"400\"  title='1995-sarajevo-00009' alt='' srcset=\"https:\/\/christmann-foto.de\/wp-content\/uploads\/2022\/03\/1995-sarajevo-00009-495x400.jpg 495w, https:\/\/christmann-foto.de\/wp-content\/uploads\/2022\/03\/1995-sarajevo-00009-845x684.jpg 845w\" sizes=\"(max-width: 495px) 100vw, 495px\" \/><div class='big-prev-fake'><img decoding=\"async\" loading=\"lazy\" class=\"wp-image-389 avia-img-lazy-loading-389\"  width=\"495\" height=\"400\" src=\"https:\/\/christmann-foto.de\/wp-content\/uploads\/2022\/03\/1995-sarajevo-00009-495x400.jpg\" title='1995-sarajevo-00009' alt='' srcset=\"https:\/\/christmann-foto.de\/wp-content\/uploads\/2022\/03\/1995-sarajevo-00009-495x400.jpg 495w, https:\/\/christmann-foto.de\/wp-content\/uploads\/2022\/03\/1995-sarajevo-00009-845x684.jpg 845w\" sizes=\"(max-width: 495px) 100vw, 495px\" \/><\/div><\/a><a href=\"https:\/\/christmann-foto.de\/wp-content\/uploads\/2022\/03\/1995-sarajevo-00008-1030x824.jpg\" data-srcset=\"https:\/\/christmann-foto.de\/wp-content\/uploads\/2022\/03\/1995-sarajevo-00008-1030x824.jpg 1030w, https:\/\/christmann-foto.de\/wp-content\/uploads\/2022\/03\/1995-sarajevo-00008-300x240.jpg 300w, https:\/\/christmann-foto.de\/wp-content\/uploads\/2022\/03\/1995-sarajevo-00008-768x614.jpg 768w, https:\/\/christmann-foto.de\/wp-content\/uploads\/2022\/03\/1995-sarajevo-00008-1536x1229.jpg 1536w, https:\/\/christmann-foto.de\/wp-content\/uploads\/2022\/03\/1995-sarajevo-00008-1500x1200.jpg 1500w, https:\/\/christmann-foto.de\/wp-content\/uploads\/2022\/03\/1995-sarajevo-00008-705x564.jpg 705w, https:\/\/christmann-foto.de\/wp-content\/uploads\/2022\/03\/1995-sarajevo-00008-600x480.jpg 600w, https:\/\/christmann-foto.de\/wp-content\/uploads\/2022\/03\/1995-sarajevo-00008.jpg 1996w\" data-sizes=\"(max-width: 1030px) 100vw, 1030px\" data-rel='gallery-1' data-prev-img='https:\/\/christmann-foto.de\/wp-content\/uploads\/2022\/03\/1995-sarajevo-00008-495x400.jpg' class='first_thumb lightbox ' data-onclick='16' title='1995-sarajevo-00008'  itemprop=\"thumbnailUrl\"  ><img decoding=\"async\" class=\"wp-image-388 avia-img-lazy-loading-not-388\"   src=\"https:\/\/christmann-foto.de\/wp-content\/uploads\/2022\/03\/1995-sarajevo-00008-495x400.jpg\" width=\"495\" height=\"400\"  title='1995-sarajevo-00008' alt='' srcset=\"https:\/\/christmann-foto.de\/wp-content\/uploads\/2022\/03\/1995-sarajevo-00008-495x400.jpg 495w, https:\/\/christmann-foto.de\/wp-content\/uploads\/2022\/03\/1995-sarajevo-00008-845x684.jpg 845w\" sizes=\"(max-width: 495px) 100vw, 495px\" \/><div class='big-prev-fake'><img decoding=\"async\" loading=\"lazy\" class=\"wp-image-388 avia-img-lazy-loading-388\"  width=\"495\" height=\"400\" src=\"https:\/\/christmann-foto.de\/wp-content\/uploads\/2022\/03\/1995-sarajevo-00008-495x400.jpg\" title='1995-sarajevo-00008' alt='' srcset=\"https:\/\/christmann-foto.de\/wp-content\/uploads\/2022\/03\/1995-sarajevo-00008-495x400.jpg 495w, https:\/\/christmann-foto.de\/wp-content\/uploads\/2022\/03\/1995-sarajevo-00008-845x684.jpg 845w\" sizes=\"(max-width: 495px) 100vw, 495px\" \/><\/div><\/a><a href=\"https:\/\/christmann-foto.de\/wp-content\/uploads\/2022\/03\/1995-sarajevo-00007-1030x821.jpg\" data-srcset=\"https:\/\/christmann-foto.de\/wp-content\/uploads\/2022\/03\/1995-sarajevo-00007-1030x821.jpg 1030w, https:\/\/christmann-foto.de\/wp-content\/uploads\/2022\/03\/1995-sarajevo-00007-300x239.jpg 300w, https:\/\/christmann-foto.de\/wp-content\/uploads\/2022\/03\/1995-sarajevo-00007-768x612.jpg 768w, https:\/\/christmann-foto.de\/wp-content\/uploads\/2022\/03\/1995-sarajevo-00007-1536x1225.jpg 1536w, https:\/\/christmann-foto.de\/wp-content\/uploads\/2022\/03\/1995-sarajevo-00007-1500x1196.jpg 1500w, https:\/\/christmann-foto.de\/wp-content\/uploads\/2022\/03\/1995-sarajevo-00007-705x562.jpg 705w, https:\/\/christmann-foto.de\/wp-content\/uploads\/2022\/03\/1995-sarajevo-00007-600x479.jpg 600w, https:\/\/christmann-foto.de\/wp-content\/uploads\/2022\/03\/1995-sarajevo-00007.jpg 2000w\" data-sizes=\"(max-width: 1030px) 100vw, 1030px\" data-rel='gallery-1' data-prev-img='https:\/\/christmann-foto.de\/wp-content\/uploads\/2022\/03\/1995-sarajevo-00007-495x400.jpg' class='lightbox ' data-onclick='17' title='1995-sarajevo-00007'  itemprop=\"thumbnailUrl\"  ><img decoding=\"async\" class=\"wp-image-387 avia-img-lazy-loading-not-387\"   src=\"https:\/\/christmann-foto.de\/wp-content\/uploads\/2022\/03\/1995-sarajevo-00007-495x400.jpg\" width=\"495\" height=\"400\"  title='1995-sarajevo-00007' alt='' srcset=\"https:\/\/christmann-foto.de\/wp-content\/uploads\/2022\/03\/1995-sarajevo-00007-495x400.jpg 495w, https:\/\/christmann-foto.de\/wp-content\/uploads\/2022\/03\/1995-sarajevo-00007-845x684.jpg 845w\" sizes=\"(max-width: 495px) 100vw, 495px\" \/><div class='big-prev-fake'><img decoding=\"async\" loading=\"lazy\" class=\"wp-image-387 avia-img-lazy-loading-387\"  width=\"495\" height=\"400\" src=\"https:\/\/christmann-foto.de\/wp-content\/uploads\/2022\/03\/1995-sarajevo-00007-495x400.jpg\" title='1995-sarajevo-00007' alt='' srcset=\"https:\/\/christmann-foto.de\/wp-content\/uploads\/2022\/03\/1995-sarajevo-00007-495x400.jpg 495w, https:\/\/christmann-foto.de\/wp-content\/uploads\/2022\/03\/1995-sarajevo-00007-845x684.jpg 845w\" sizes=\"(max-width: 495px) 100vw, 495px\" \/><\/div><\/a><a href=\"https:\/\/christmann-foto.de\/wp-content\/uploads\/2022\/03\/1995-sarajevo-00006-1030x832.jpg\" data-srcset=\"https:\/\/christmann-foto.de\/wp-content\/uploads\/2022\/03\/1995-sarajevo-00006-1030x832.jpg 1030w, https:\/\/christmann-foto.de\/wp-content\/uploads\/2022\/03\/1995-sarajevo-00006-300x242.jpg 300w, https:\/\/christmann-foto.de\/wp-content\/uploads\/2022\/03\/1995-sarajevo-00006-768x621.jpg 768w, https:\/\/christmann-foto.de\/wp-content\/uploads\/2022\/03\/1995-sarajevo-00006-1536x1241.jpg 1536w, https:\/\/christmann-foto.de\/wp-content\/uploads\/2022\/03\/1995-sarajevo-00006-1500x1212.jpg 1500w, https:\/\/christmann-foto.de\/wp-content\/uploads\/2022\/03\/1995-sarajevo-00006-495x400.jpg 495w, https:\/\/christmann-foto.de\/wp-content\/uploads\/2022\/03\/1995-sarajevo-00006-845x684.jpg 845w, https:\/\/christmann-foto.de\/wp-content\/uploads\/2022\/03\/1995-sarajevo-00006-705x570.jpg 705w, https:\/\/christmann-foto.de\/wp-content\/uploads\/2022\/03\/1995-sarajevo-00006-600x485.jpg 600w, https:\/\/christmann-foto.de\/wp-content\/uploads\/2022\/03\/1995-sarajevo-00006.jpg 2000w\" data-sizes=\"(max-width: 1030px) 100vw, 1030px\" data-rel='gallery-1' data-prev-img='https:\/\/christmann-foto.de\/wp-content\/uploads\/2022\/03\/1995-sarajevo-00006-495x400.jpg' class='lightbox ' data-onclick='18' title='1995-sarajevo-00006'  itemprop=\"thumbnailUrl\"  ><img decoding=\"async\" class=\"wp-image-386 avia-img-lazy-loading-not-386\"   src=\"https:\/\/christmann-foto.de\/wp-content\/uploads\/2022\/03\/1995-sarajevo-00006-495x400.jpg\" width=\"495\" height=\"400\"  title='1995-sarajevo-00006' alt='' srcset=\"https:\/\/christmann-foto.de\/wp-content\/uploads\/2022\/03\/1995-sarajevo-00006-495x400.jpg 495w, https:\/\/christmann-foto.de\/wp-content\/uploads\/2022\/03\/1995-sarajevo-00006-300x242.jpg 300w, https:\/\/christmann-foto.de\/wp-content\/uploads\/2022\/03\/1995-sarajevo-00006-1030x832.jpg 1030w, https:\/\/christmann-foto.de\/wp-content\/uploads\/2022\/03\/1995-sarajevo-00006-768x621.jpg 768w, https:\/\/christmann-foto.de\/wp-content\/uploads\/2022\/03\/1995-sarajevo-00006-1536x1241.jpg 1536w, https:\/\/christmann-foto.de\/wp-content\/uploads\/2022\/03\/1995-sarajevo-00006-1500x1212.jpg 1500w, https:\/\/christmann-foto.de\/wp-content\/uploads\/2022\/03\/1995-sarajevo-00006-845x684.jpg 845w, https:\/\/christmann-foto.de\/wp-content\/uploads\/2022\/03\/1995-sarajevo-00006-705x570.jpg 705w, https:\/\/christmann-foto.de\/wp-content\/uploads\/2022\/03\/1995-sarajevo-00006-600x485.jpg 600w, https:\/\/christmann-foto.de\/wp-content\/uploads\/2022\/03\/1995-sarajevo-00006.jpg 2000w\" sizes=\"(max-width: 495px) 100vw, 495px\" \/><div class='big-prev-fake'><img decoding=\"async\" loading=\"lazy\" class=\"wp-image-386 avia-img-lazy-loading-386\"  width=\"495\" height=\"400\" src=\"https:\/\/christmann-foto.de\/wp-content\/uploads\/2022\/03\/1995-sarajevo-00006-495x400.jpg\" title='1995-sarajevo-00006' alt='' srcset=\"https:\/\/christmann-foto.de\/wp-content\/uploads\/2022\/03\/1995-sarajevo-00006-495x400.jpg 495w, https:\/\/christmann-foto.de\/wp-content\/uploads\/2022\/03\/1995-sarajevo-00006-300x242.jpg 300w, https:\/\/christmann-foto.de\/wp-content\/uploads\/2022\/03\/1995-sarajevo-00006-1030x832.jpg 1030w, https:\/\/christmann-foto.de\/wp-content\/uploads\/2022\/03\/1995-sarajevo-00006-768x621.jpg 768w, https:\/\/christmann-foto.de\/wp-content\/uploads\/2022\/03\/1995-sarajevo-00006-1536x1241.jpg 1536w, https:\/\/christmann-foto.de\/wp-content\/uploads\/2022\/03\/1995-sarajevo-00006-1500x1212.jpg 1500w, https:\/\/christmann-foto.de\/wp-content\/uploads\/2022\/03\/1995-sarajevo-00006-845x684.jpg 845w, https:\/\/christmann-foto.de\/wp-content\/uploads\/2022\/03\/1995-sarajevo-00006-705x570.jpg 705w, https:\/\/christmann-foto.de\/wp-content\/uploads\/2022\/03\/1995-sarajevo-00006-600x485.jpg 600w, https:\/\/christmann-foto.de\/wp-content\/uploads\/2022\/03\/1995-sarajevo-00006.jpg 2000w\" sizes=\"(max-width: 495px) 100vw, 495px\" \/><\/div><\/a><a href=\"https:\/\/christmann-foto.de\/wp-content\/uploads\/2022\/03\/1995-sarajevo-00005-1030x829.jpg\" data-srcset=\"https:\/\/christmann-foto.de\/wp-content\/uploads\/2022\/03\/1995-sarajevo-00005-1030x829.jpg 1030w, https:\/\/christmann-foto.de\/wp-content\/uploads\/2022\/03\/1995-sarajevo-00005-300x242.jpg 300w, https:\/\/christmann-foto.de\/wp-content\/uploads\/2022\/03\/1995-sarajevo-00005-768x618.jpg 768w, https:\/\/christmann-foto.de\/wp-content\/uploads\/2022\/03\/1995-sarajevo-00005-1536x1236.jpg 1536w, https:\/\/christmann-foto.de\/wp-content\/uploads\/2022\/03\/1995-sarajevo-00005-1500x1208.jpg 1500w, https:\/\/christmann-foto.de\/wp-content\/uploads\/2022\/03\/1995-sarajevo-00005-705x568.jpg 705w, https:\/\/christmann-foto.de\/wp-content\/uploads\/2022\/03\/1995-sarajevo-00005-600x483.jpg 600w, https:\/\/christmann-foto.de\/wp-content\/uploads\/2022\/03\/1995-sarajevo-00005.jpg 2000w\" data-sizes=\"(max-width: 1030px) 100vw, 1030px\" data-rel='gallery-1' data-prev-img='https:\/\/christmann-foto.de\/wp-content\/uploads\/2022\/03\/1995-sarajevo-00005-495x400.jpg' class='lightbox ' data-onclick='19' title='1995-sarajevo-00005'  itemprop=\"thumbnailUrl\"  ><img decoding=\"async\" class=\"wp-image-385 avia-img-lazy-loading-not-385\"   src=\"https:\/\/christmann-foto.de\/wp-content\/uploads\/2022\/03\/1995-sarajevo-00005-495x400.jpg\" width=\"495\" height=\"400\"  title='1995-sarajevo-00005' alt='' srcset=\"https:\/\/christmann-foto.de\/wp-content\/uploads\/2022\/03\/1995-sarajevo-00005-495x400.jpg 495w, https:\/\/christmann-foto.de\/wp-content\/uploads\/2022\/03\/1995-sarajevo-00005-300x242.jpg 300w, https:\/\/christmann-foto.de\/wp-content\/uploads\/2022\/03\/1995-sarajevo-00005-1500x1208.jpg 1500w, https:\/\/christmann-foto.de\/wp-content\/uploads\/2022\/03\/1995-sarajevo-00005-845x684.jpg 845w, https:\/\/christmann-foto.de\/wp-content\/uploads\/2022\/03\/1995-sarajevo-00005-705x568.jpg 705w\" sizes=\"(max-width: 495px) 100vw, 495px\" \/><div class='big-prev-fake'><img decoding=\"async\" loading=\"lazy\" class=\"wp-image-385 avia-img-lazy-loading-385\"  width=\"495\" height=\"400\" src=\"https:\/\/christmann-foto.de\/wp-content\/uploads\/2022\/03\/1995-sarajevo-00005-495x400.jpg\" title='1995-sarajevo-00005' alt='' srcset=\"https:\/\/christmann-foto.de\/wp-content\/uploads\/2022\/03\/1995-sarajevo-00005-495x400.jpg 495w, https:\/\/christmann-foto.de\/wp-content\/uploads\/2022\/03\/1995-sarajevo-00005-300x242.jpg 300w, https:\/\/christmann-foto.de\/wp-content\/uploads\/2022\/03\/1995-sarajevo-00005-1500x1208.jpg 1500w, https:\/\/christmann-foto.de\/wp-content\/uploads\/2022\/03\/1995-sarajevo-00005-845x684.jpg 845w, https:\/\/christmann-foto.de\/wp-content\/uploads\/2022\/03\/1995-sarajevo-00005-705x568.jpg 705w\" sizes=\"(max-width: 495px) 100vw, 495px\" \/><\/div><\/a><a href=\"https:\/\/christmann-foto.de\/wp-content\/uploads\/2022\/03\/1995-sarajevo-00004-1030x829.jpg\" data-srcset=\"https:\/\/christmann-foto.de\/wp-content\/uploads\/2022\/03\/1995-sarajevo-00004-1030x829.jpg 1030w, https:\/\/christmann-foto.de\/wp-content\/uploads\/2022\/03\/1995-sarajevo-00004-300x241.jpg 300w, https:\/\/christmann-foto.de\/wp-content\/uploads\/2022\/03\/1995-sarajevo-00004-768x618.jpg 768w, https:\/\/christmann-foto.de\/wp-content\/uploads\/2022\/03\/1995-sarajevo-00004-1536x1236.jpg 1536w, https:\/\/christmann-foto.de\/wp-content\/uploads\/2022\/03\/1995-sarajevo-00004-1500x1207.jpg 1500w, https:\/\/christmann-foto.de\/wp-content\/uploads\/2022\/03\/1995-sarajevo-00004-705x567.jpg 705w, https:\/\/christmann-foto.de\/wp-content\/uploads\/2022\/03\/1995-sarajevo-00004-600x483.jpg 600w, https:\/\/christmann-foto.de\/wp-content\/uploads\/2022\/03\/1995-sarajevo-00004.jpg 2000w\" data-sizes=\"(max-width: 1030px) 100vw, 1030px\" data-rel='gallery-1' data-prev-img='https:\/\/christmann-foto.de\/wp-content\/uploads\/2022\/03\/1995-sarajevo-00004-495x400.jpg' class='lightbox ' data-onclick='20' title='1995-sarajevo-00004'  itemprop=\"thumbnailUrl\"  ><img decoding=\"async\" class=\"wp-image-384 avia-img-lazy-loading-not-384\"   src=\"https:\/\/christmann-foto.de\/wp-content\/uploads\/2022\/03\/1995-sarajevo-00004-495x400.jpg\" width=\"495\" height=\"400\"  title='1995-sarajevo-00004' alt='' srcset=\"https:\/\/christmann-foto.de\/wp-content\/uploads\/2022\/03\/1995-sarajevo-00004-495x400.jpg 495w, https:\/\/christmann-foto.de\/wp-content\/uploads\/2022\/03\/1995-sarajevo-00004-300x241.jpg 300w, https:\/\/christmann-foto.de\/wp-content\/uploads\/2022\/03\/1995-sarajevo-00004-845x684.jpg 845w\" sizes=\"(max-width: 495px) 100vw, 495px\" \/><div class='big-prev-fake'><img decoding=\"async\" loading=\"lazy\" class=\"wp-image-384 avia-img-lazy-loading-384\"  width=\"495\" height=\"400\" src=\"https:\/\/christmann-foto.de\/wp-content\/uploads\/2022\/03\/1995-sarajevo-00004-495x400.jpg\" title='1995-sarajevo-00004' alt='' srcset=\"https:\/\/christmann-foto.de\/wp-content\/uploads\/2022\/03\/1995-sarajevo-00004-495x400.jpg 495w, https:\/\/christmann-foto.de\/wp-content\/uploads\/2022\/03\/1995-sarajevo-00004-300x241.jpg 300w, https:\/\/christmann-foto.de\/wp-content\/uploads\/2022\/03\/1995-sarajevo-00004-845x684.jpg 845w\" sizes=\"(max-width: 495px) 100vw, 495px\" \/><\/div><\/a><a href=\"https:\/\/christmann-foto.de\/wp-content\/uploads\/2022\/03\/1995-sarajevo-00003-1030x823.jpg\" data-srcset=\"https:\/\/christmann-foto.de\/wp-content\/uploads\/2022\/03\/1995-sarajevo-00003-1030x823.jpg 1030w, https:\/\/christmann-foto.de\/wp-content\/uploads\/2022\/03\/1995-sarajevo-00003-300x240.jpg 300w, https:\/\/christmann-foto.de\/wp-content\/uploads\/2022\/03\/1995-sarajevo-00003-768x614.jpg 768w, https:\/\/christmann-foto.de\/wp-content\/uploads\/2022\/03\/1995-sarajevo-00003-1536x1227.jpg 1536w, https:\/\/christmann-foto.de\/wp-content\/uploads\/2022\/03\/1995-sarajevo-00003-1500x1199.jpg 1500w, https:\/\/christmann-foto.de\/wp-content\/uploads\/2022\/03\/1995-sarajevo-00003-705x563.jpg 705w, https:\/\/christmann-foto.de\/wp-content\/uploads\/2022\/03\/1995-sarajevo-00003-600x479.jpg 600w, https:\/\/christmann-foto.de\/wp-content\/uploads\/2022\/03\/1995-sarajevo-00003.jpg 2000w\" data-sizes=\"(max-width: 1030px) 100vw, 1030px\" data-rel='gallery-1' data-prev-img='https:\/\/christmann-foto.de\/wp-content\/uploads\/2022\/03\/1995-sarajevo-00003-495x400.jpg' class='first_thumb lightbox ' data-onclick='21' title='1995-sarajevo-00003'  itemprop=\"thumbnailUrl\"  ><img decoding=\"async\" class=\"wp-image-383 avia-img-lazy-loading-not-383\"   src=\"https:\/\/christmann-foto.de\/wp-content\/uploads\/2022\/03\/1995-sarajevo-00003-495x400.jpg\" width=\"495\" height=\"400\"  title='1995-sarajevo-00003' alt='' srcset=\"https:\/\/christmann-foto.de\/wp-content\/uploads\/2022\/03\/1995-sarajevo-00003-495x400.jpg 495w, https:\/\/christmann-foto.de\/wp-content\/uploads\/2022\/03\/1995-sarajevo-00003-845x684.jpg 845w\" sizes=\"(max-width: 495px) 100vw, 495px\" \/><div class='big-prev-fake'><img decoding=\"async\" loading=\"lazy\" class=\"wp-image-383 avia-img-lazy-loading-383\"  width=\"495\" height=\"400\" src=\"https:\/\/christmann-foto.de\/wp-content\/uploads\/2022\/03\/1995-sarajevo-00003-495x400.jpg\" title='1995-sarajevo-00003' alt='' srcset=\"https:\/\/christmann-foto.de\/wp-content\/uploads\/2022\/03\/1995-sarajevo-00003-495x400.jpg 495w, https:\/\/christmann-foto.de\/wp-content\/uploads\/2022\/03\/1995-sarajevo-00003-845x684.jpg 845w\" sizes=\"(max-width: 495px) 100vw, 495px\" \/><\/div><\/a><a href=\"https:\/\/christmann-foto.de\/wp-content\/uploads\/2022\/03\/1995-sarajevo-00002-1030x825.jpg\" data-srcset=\"https:\/\/christmann-foto.de\/wp-content\/uploads\/2022\/03\/1995-sarajevo-00002-1030x825.jpg 1030w, https:\/\/christmann-foto.de\/wp-content\/uploads\/2022\/03\/1995-sarajevo-00002-300x240.jpg 300w, https:\/\/christmann-foto.de\/wp-content\/uploads\/2022\/03\/1995-sarajevo-00002-768x615.jpg 768w, https:\/\/christmann-foto.de\/wp-content\/uploads\/2022\/03\/1995-sarajevo-00002-1536x1230.jpg 1536w, https:\/\/christmann-foto.de\/wp-content\/uploads\/2022\/03\/1995-sarajevo-00002-1500x1201.jpg 1500w, https:\/\/christmann-foto.de\/wp-content\/uploads\/2022\/03\/1995-sarajevo-00002-705x564.jpg 705w, https:\/\/christmann-foto.de\/wp-content\/uploads\/2022\/03\/1995-sarajevo-00002-600x480.jpg 600w, https:\/\/christmann-foto.de\/wp-content\/uploads\/2022\/03\/1995-sarajevo-00002.jpg 2000w\" data-sizes=\"(max-width: 1030px) 100vw, 1030px\" data-rel='gallery-1' data-prev-img='https:\/\/christmann-foto.de\/wp-content\/uploads\/2022\/03\/1995-sarajevo-00002-495x400.jpg' class='lightbox ' data-onclick='22' title='1995-sarajevo-00002'  itemprop=\"thumbnailUrl\"  ><img decoding=\"async\" class=\"wp-image-382 avia-img-lazy-loading-not-382\"   src=\"https:\/\/christmann-foto.de\/wp-content\/uploads\/2022\/03\/1995-sarajevo-00002-495x400.jpg\" width=\"495\" height=\"400\"  title='1995-sarajevo-00002' alt='' srcset=\"https:\/\/christmann-foto.de\/wp-content\/uploads\/2022\/03\/1995-sarajevo-00002-495x400.jpg 495w, https:\/\/christmann-foto.de\/wp-content\/uploads\/2022\/03\/1995-sarajevo-00002-845x684.jpg 845w\" sizes=\"(max-width: 495px) 100vw, 495px\" \/><div class='big-prev-fake'><img decoding=\"async\" loading=\"lazy\" class=\"wp-image-382 avia-img-lazy-loading-382\"  width=\"495\" height=\"400\" src=\"https:\/\/christmann-foto.de\/wp-content\/uploads\/2022\/03\/1995-sarajevo-00002-495x400.jpg\" title='1995-sarajevo-00002' alt='' srcset=\"https:\/\/christmann-foto.de\/wp-content\/uploads\/2022\/03\/1995-sarajevo-00002-495x400.jpg 495w, https:\/\/christmann-foto.de\/wp-content\/uploads\/2022\/03\/1995-sarajevo-00002-845x684.jpg 845w\" sizes=\"(max-width: 495px) 100vw, 495px\" \/><\/div><\/a><a href=\"https:\/\/christmann-foto.de\/wp-content\/uploads\/2022\/03\/1995-sarajevo-00001-1030x822.jpg\" data-srcset=\"https:\/\/christmann-foto.de\/wp-content\/uploads\/2022\/03\/1995-sarajevo-00001-1030x822.jpg 1030w, https:\/\/christmann-foto.de\/wp-content\/uploads\/2022\/03\/1995-sarajevo-00001-300x239.jpg 300w, https:\/\/christmann-foto.de\/wp-content\/uploads\/2022\/03\/1995-sarajevo-00001-768x613.jpg 768w, https:\/\/christmann-foto.de\/wp-content\/uploads\/2022\/03\/1995-sarajevo-00001-1536x1226.jpg 1536w, https:\/\/christmann-foto.de\/wp-content\/uploads\/2022\/03\/1995-sarajevo-00001-1500x1197.jpg 1500w, https:\/\/christmann-foto.de\/wp-content\/uploads\/2022\/03\/1995-sarajevo-00001-705x563.jpg 705w, https:\/\/christmann-foto.de\/wp-content\/uploads\/2022\/03\/1995-sarajevo-00001-600x479.jpg 600w, https:\/\/christmann-foto.de\/wp-content\/uploads\/2022\/03\/1995-sarajevo-00001.jpg 2000w\" data-sizes=\"(max-width: 1030px) 100vw, 1030px\" data-rel='gallery-1' data-prev-img='https:\/\/christmann-foto.de\/wp-content\/uploads\/2022\/03\/1995-sarajevo-00001-495x400.jpg' class='lightbox ' data-onclick='23' title='1995-sarajevo-00001'  itemprop=\"thumbnailUrl\"  ><img decoding=\"async\" class=\"wp-image-381 avia-img-lazy-loading-not-381\"   src=\"https:\/\/christmann-foto.de\/wp-content\/uploads\/2022\/03\/1995-sarajevo-00001-495x400.jpg\" width=\"495\" height=\"400\"  title='1995-sarajevo-00001' alt='' srcset=\"https:\/\/christmann-foto.de\/wp-content\/uploads\/2022\/03\/1995-sarajevo-00001-495x400.jpg 495w, https:\/\/christmann-foto.de\/wp-content\/uploads\/2022\/03\/1995-sarajevo-00001-845x684.jpg 845w\" sizes=\"(max-width: 495px) 100vw, 495px\" \/><div class='big-prev-fake'><img decoding=\"async\" loading=\"lazy\" class=\"wp-image-381 avia-img-lazy-loading-381\"  width=\"495\" height=\"400\" src=\"https:\/\/christmann-foto.de\/wp-content\/uploads\/2022\/03\/1995-sarajevo-00001-495x400.jpg\" title='1995-sarajevo-00001' alt='' srcset=\"https:\/\/christmann-foto.de\/wp-content\/uploads\/2022\/03\/1995-sarajevo-00001-495x400.jpg 495w, https:\/\/christmann-foto.de\/wp-content\/uploads\/2022\/03\/1995-sarajevo-00001-845x684.jpg 845w\" sizes=\"(max-width: 495px) 100vw, 495px\" \/><\/div><\/a><a href=\"https:\/\/christmann-foto.de\/wp-content\/uploads\/2022\/11\/1995-Sarajevo_114991-75.jpg\" data-srcset=\"https:\/\/christmann-foto.de\/wp-content\/uploads\/2022\/11\/1995-Sarajevo_114991-75.jpg 1022w, https:\/\/christmann-foto.de\/wp-content\/uploads\/2022\/11\/1995-Sarajevo_114991-75-300x238.jpg 300w, https:\/\/christmann-foto.de\/wp-content\/uploads\/2022\/11\/1995-Sarajevo_114991-75-768x609.jpg 768w, https:\/\/christmann-foto.de\/wp-content\/uploads\/2022\/11\/1995-Sarajevo_114991-75-705x559.jpg 705w, https:\/\/christmann-foto.de\/wp-content\/uploads\/2022\/11\/1995-Sarajevo_114991-75-450x357.jpg 450w, https:\/\/christmann-foto.de\/wp-content\/uploads\/2022\/11\/1995-Sarajevo_114991-75-600x476.jpg 600w\" data-sizes=\"(max-width: 1022px) 100vw, 1022px\" data-rel='gallery-1' data-prev-img='https:\/\/christmann-foto.de\/wp-content\/uploads\/2022\/11\/1995-Sarajevo_114991-75-495x400.jpg' class='lightbox ' data-onclick='24' title='1995 Sarajevo_114991 (75)'  itemprop=\"thumbnailUrl\"  ><img decoding=\"async\" class=\"wp-image-502 avia-img-lazy-loading-not-502\"   src=\"https:\/\/christmann-foto.de\/wp-content\/uploads\/2022\/11\/1995-Sarajevo_114991-75-495x400.jpg\" width=\"495\" height=\"400\"  title='1995 Sarajevo_114991 (75)' alt='' srcset=\"https:\/\/christmann-foto.de\/wp-content\/uploads\/2022\/11\/1995-Sarajevo_114991-75-495x400.jpg 495w, https:\/\/christmann-foto.de\/wp-content\/uploads\/2022\/11\/1995-Sarajevo_114991-75-845x684.jpg 845w\" sizes=\"(max-width: 495px) 100vw, 495px\" \/><div class='big-prev-fake'><img decoding=\"async\" loading=\"lazy\" class=\"wp-image-502 avia-img-lazy-loading-502\"  width=\"495\" height=\"400\" src=\"https:\/\/christmann-foto.de\/wp-content\/uploads\/2022\/11\/1995-Sarajevo_114991-75-495x400.jpg\" title='1995 Sarajevo_114991 (75)' alt='' srcset=\"https:\/\/christmann-foto.de\/wp-content\/uploads\/2022\/11\/1995-Sarajevo_114991-75-495x400.jpg 495w, https:\/\/christmann-foto.de\/wp-content\/uploads\/2022\/11\/1995-Sarajevo_114991-75-845x684.jpg 845w\" sizes=\"(max-width: 495px) 100vw, 495px\" \/><\/div><\/a><a href=\"https:\/\/christmann-foto.de\/wp-content\/uploads\/2022\/11\/1995-Sarajevo_114991-67.jpg\" data-srcset=\"https:\/\/christmann-foto.de\/wp-content\/uploads\/2022\/11\/1995-Sarajevo_114991-67.jpg 1020w, https:\/\/christmann-foto.de\/wp-content\/uploads\/2022\/11\/1995-Sarajevo_114991-67-300x238.jpg 300w, https:\/\/christmann-foto.de\/wp-content\/uploads\/2022\/11\/1995-Sarajevo_114991-67-768x608.jpg 768w, https:\/\/christmann-foto.de\/wp-content\/uploads\/2022\/11\/1995-Sarajevo_114991-67-705x558.jpg 705w, https:\/\/christmann-foto.de\/wp-content\/uploads\/2022\/11\/1995-Sarajevo_114991-67-450x356.jpg 450w, https:\/\/christmann-foto.de\/wp-content\/uploads\/2022\/11\/1995-Sarajevo_114991-67-600x475.jpg 600w\" data-sizes=\"(max-width: 1020px) 100vw, 1020px\" data-rel='gallery-1' data-prev-img='https:\/\/christmann-foto.de\/wp-content\/uploads\/2022\/11\/1995-Sarajevo_114991-67-495x400.jpg' class='lightbox ' data-onclick='25' title='1995 Sarajevo_114991 (67)'  itemprop=\"thumbnailUrl\"  ><img decoding=\"async\" class=\"wp-image-501 avia-img-lazy-loading-not-501\"   src=\"https:\/\/christmann-foto.de\/wp-content\/uploads\/2022\/11\/1995-Sarajevo_114991-67-495x400.jpg\" width=\"495\" height=\"400\"  title='1995 Sarajevo_114991 (67)' alt='' srcset=\"https:\/\/christmann-foto.de\/wp-content\/uploads\/2022\/11\/1995-Sarajevo_114991-67-495x400.jpg 495w, https:\/\/christmann-foto.de\/wp-content\/uploads\/2022\/11\/1995-Sarajevo_114991-67-845x684.jpg 845w\" sizes=\"(max-width: 495px) 100vw, 495px\" \/><div class='big-prev-fake'><img decoding=\"async\" loading=\"lazy\" class=\"wp-image-501 avia-img-lazy-loading-501\"  width=\"495\" height=\"400\" src=\"https:\/\/christmann-foto.de\/wp-content\/uploads\/2022\/11\/1995-Sarajevo_114991-67-495x400.jpg\" title='1995 Sarajevo_114991 (67)' alt='' srcset=\"https:\/\/christmann-foto.de\/wp-content\/uploads\/2022\/11\/1995-Sarajevo_114991-67-495x400.jpg 495w, https:\/\/christmann-foto.de\/wp-content\/uploads\/2022\/11\/1995-Sarajevo_114991-67-845x684.jpg 845w\" sizes=\"(max-width: 495px) 100vw, 495px\" \/><\/div><\/a><\/div><\/div>\n<section  class='av_textblock_section av-la2u1rfk-229ce6c84ca20a783f410a080e29a1d4'  itemscope=\"itemscope\" itemtype=\"https:\/\/schema.org\/CreativeWork\" ><div class='avia_textblock'  itemprop=\"text\" ><div class=\"page\" title=\"Page 1\">\n<div class=\"layoutArea\">\n<div class=\"column\">\n<p>Zu\u0308gig geht die Fahrt u\u0308ber die Autobahn nach Su\u0308den, u\u0308ber die Alpen, durch O\u0308sterreich und schon bald darauf ist Slowenien erreicht. Die Fahrt durch die Krajina, die auf unserer Fahrt folgt, zeigt die ersten Gra\u0308uel des Krieges: grenzenlose Zersto\u0308rung und gespenstische Ruinenlandschaften. Kleine zersto\u0308rte Do\u0308rfer \u2013 menschenleer. Entsetzte und angstvolle Blicke starren aus dem inneren des Busses in die surreal anmutende Au\u00dfenwelt. Nun halten wir immer wieder an allen mo\u0308glichen Kontroll- und Grenzposten. Lange Wartezeiten, Schikanen, die wir u\u0308ber uns ergehen lassen mu\u0308ssen, in einem Teil Europas, in dem neue Grenzen gezogen werden, sich ein erstarkter Nationalismus ausbreitet. Wir, unsere Busgemeinschaft auf Zeit, kann all die Kontrollen nur stoisch u\u0308ber sich ergehen lassen, machtlos sind wir den Soldaten ausgeliefert, die mit Maschinenpistolen durch den Gang und von Platz zu Platz gehen, Ausweis kontrollieren, unwirsch Fragen stellen. Wer die Waffe in den Ha\u0308nden ha\u0308lt, hat das Recht auf seiner Seite \u2013 das Recht des sta\u0308rkeren, des ma\u0308chtigen. Es wird geweint, viel geraucht und mitgebrachte Lebensmitteln gegessen. Ich bin von einer herzlichen Gastfreundschaft umgeben und bekomme von allen Seiten etwas essbares gereicht. Herzlich bin ich, als einziger Deutscher im Bus, in die Gemeinschaft der Heimkehrer aufgenommen worden. Die Luft im Bus ist stickig, hei\u00df und feucht &#8211; man ko\u0308nnte sie mit dem Messer schneiden, so dicht ist der Tabakqualm. Rauchen beschwichtigt die Emotionen, da\u0308mpft die Angst. In dem Moment, wo ich mich in den Bus setzte, wurde ich vom Nichtraucher zum Raucher. Gemeinsamer Zigarettenkonsum, als Zeichen der Zugeho\u0308rigkeit in dieser kleinen Schicksalsgemeinschaft. Kollektiv qualmen wir Zigaretten, unterwegs auf dem Weg in eine kriegsversehrte Stadt. Auf meinem Sitz da\u0308mmere ich, mit verrenkten, mu\u0308den Gliedma\u00dfen, vor mich hin, bin in Tag-und Nachttra\u0308umen gefangen, wa\u0308hrend der Dieselmotor monoton schnurrt. Wenn ich ab und an die Augen o\u0308ffne, sehe ich Hinweisschilder mit Sta\u0308dtenamen, die ich vor Beginn des Krieges kaum kannte und die nun ein erschauderndes Gefu\u0308hl der Angst hervorrufen, weil sie durch Nachrichten u\u0308ber Gra\u0308ueltaten, die sich in den letzten drei Jahren dort abgespielt haben, eine traurige Beru\u0308hmtheit erlangt haben: Mostar, Banja Luka, Goraz\u030cde, Srebrenica, Sarajevo. Und wieder Namen, die sich einreihen in eine immer la\u0308nger werdende Liste von Orten, die als Synonym fu\u0308r Tod, unfassbar grausame Taten von Menschen stehen, welche mit Angst und Schrecken besetzt sind, wie auch Stalingrad, My\u0303 Lai, Phnom Penh, Beirut. Die Liste wird mit dem Fortlauf der Geschichte, bedauernswerterweise und scheinbar unvermeidlich, la\u0308nger und la\u0308nger werden. Kroatien. Braun und verdorrt recken sich die gekru\u0308mmten U\u0308berbleibsel einiger Maispflanzen aus einem abgeernteten Acker, der mit einer du\u0308nnen Schneeschicht u\u0308berzogen ist. Auf einem weiteren Feld, das ein paar hundert Meter weiter gelegen ist, stehen, dicht an dicht, dunkle, schlichte Holzkreuze. Frische Gra\u0308ber und Mahnmale des Schreckens in einer winterlichen Landschaft, welche mich an ein Gema\u0308lde von Bruegel erinnert. Im Bus herrscht Totenstille. Menschenleere Do\u0308rfer, von Einschu\u0308ssen u\u0308bersa\u0308te Ha\u0308user, deren Wa\u0308nde ru\u00dfgeschwa\u0308rzt sind, ziehen vorbei. \u201eTschetniks!\u201c, sagt Amina, die ihren Sitz hinter mir hat und will damit auf die Ta\u0308ter dieser Zersto\u0308rung hinweisen. Meine Kleidung klebt nach der nicht enden wollenden Fahrt und den vielen<\/p>\n<\/div>\n<\/div>\n<\/div>\n<div class=\"page\" title=\"Page 2\">\n<div class=\"layoutArea\">\n<div class=\"column\">\n<p>Zwangsstopps, am Ko\u0308rper. Die Scheiben des Bussen sind beschlagen. Amina malt mit ihren Fingern eine Sonne an das Fenster. Der Name Amina bedeutet Frau des Friedens, der Harmonie, der Sicherheit. Scho\u0308n, dass sie in meiner unmittelbaren Na\u0308he ihren Platz hat. Nach 40 Stunden Fahrt in dem Bus stoppt dieser nun, am vorla\u0308ufigen Ziel meiner Reise. Zenica.<br \/>\nIch bin angekommen \u2013 fu\u0308r \u0301s erste. Endlich. Es ist drei Uhr in der Nacht. Ein hilfsbereiter Polizist, den ich anspreche, bringt mich zu der Wohnung von Mihat, dem Bruder von Mohammed, einem Freund aus Kassel. Die Coach im kleinen Wohnzimmer ist bereits ausgeklappt \u2013 ich lasse mich mu\u0308de darauf fallen und bin u\u0308berglu\u0308cklich, dass ich mich endlich, meiner ganzen Ko\u0308rperla\u0308nge nach, ausstrecken kann. Am na\u0308chsten Morgen erwartet mich ein fu\u0308rstliches Fru\u0308hstu\u0308ck: Kaffee und Omelett. Edin und Boban kommen dazu, holen mich mit einem VW-Ka\u0308fer ab. Ich habe fu\u0308r die Beiden, die in der Stadt das Designstudio \u201eFLAS\u030c\u201c, in der Kulina Bana betreiben, einen Scanner mitgebracht, den ich in Deutschland gekauft und durch unza\u0308hlige Grenzkontrollen geschmuggelt habe. Er wird sofort installiert und funktioniert glu\u0308cklicherweise. Die Freude daru\u0308ber ist gro\u00df. \u201eEs ist seltsam, was wir hier, mitten im Krieg, machen. Wir gestalten, schaffen etwas Scho\u0308nes, haben uns nun noch neue Technik gekauft und das, obwohl ein paar Meter entfernt Granaten einschlagen\u201c, beginnt Boban das Gespra\u0308ch, nachdem sein neues Hightech-Gera\u0308t den ersten Scan geliefert hat. \u201eDie Menschen im Krieg sind interessant, sehr interessant. Ein jeder entwickelt seine Art von Galgenhumor, sonst ertra\u0308gt man es einfach nicht\u201c, fa\u0308hrt er fort. Wir leeren ein paar Bu\u0308chsen Bier im Studio der zwei Gestalter und gehen anschlie\u00dfend ein paar hundert Meter weiter in Edins Wohnung. Er stellt Ka\u0308se auf den Tisch, Wurstha\u0308ppchen, Fladenbrot und entkorkt eine Flasche tschechischen Rotwein. Via Satellit erschallt der Tenor von Pla\u0301cido Domingo im Wohnzimmer und sein \u201eStille Nacht, heilige Nacht\u201c to\u0308nt durch die kleine Dachgeschosswohnung mitten in Bosnien. Der vier Monate alte Spross von Edin und seiner Frau Darina schreit. Er wird von Darina gewickelt, wa\u0308hrend Edin die zweite Flasche Wein o\u0308ffnet. Wir feiern den \u201eHeiligen Abend\u201c &#8211; Frohe Weihnachten allerseits! \u201eWann ward ihr das letzte mal in Sarajevo?\u201c, will ich von Darina wissen. \u201eSchon seit mehr als drei Jahren nicht mehr. Sarajevo ist jetzt anders, nicht mehr wie fru\u0308her. Wir hatten viele Freunde dort. Die sind jetzt alle fort. Die sind in Deutschland, Kanada und u\u0308berall in der Welt. Eine Stadt ist nicht mehr Deine Stadt, wenn Du dort keine Freunde mehr hast.\u201c Ich erza\u0308hle von meinen Erlebnissen, die mich damals sehr aufwu\u0308hlt haben, als ich als Fotograf die Geschehnisse bei der O\u0308ffnung der innerdeutschen Grenze und den Fall der Berliner Mauer dokumentiert habe. Sie erza\u0308hlt sehr emotional von ihren Kriegserlebnissen in ihrer Stadt. Wir mu\u0308ssen schlie\u00dflich beide weinen und trinken an diesem Abend alle zusammen noch einige Flaschen Rotwein, um die Erinnerungen zu ertra\u0308nken. Boban, Edin, Darina, Mihat und ich. Am fru\u0308hen Morgen des ersten Weihnachtfeiertags verlasse ich die Wohnung von Mihat und sitze kurz darauf wieder in einem Bus, welcher mich die letzten 80 Kilometer in den Kessel von Sarajevo bringen soll. Ich spu\u0308re ein flaues Gefu\u0308hl in meiner Magengegend und meine Ha\u0308nde zittern, als ich aus dem Busfenster ein letztes Foto von Zenica mache. Der Busfahrer verku\u0308ndet, kurz nach der Abfahrt, dass die Route nun nicht wie vorgesehen, u\u0308ber den Berg Igman, sondern via Europastra\u00dfe Nr. 73 und u\u0308ber Visoko Grad von Norden nach Sarajevo fu\u0308hren wird \u2013 aus Sicherheitsgru\u0308nden und aus aktuellem Anlass, wie er betont. Am Berg Igman wird wieder geka\u0308mpft. Ab Visoko Grad werden wir dann von zwei gepanzerten IFOR- Fahrzeugen eskortiert. Im Bus herrscht eine gespenstische Fro\u0308hlichkeit, die einen spu\u0308rbaren und bitteren Beigeschmack hat und ganz offensichtlich dazu dient, die allseits vorherrschende Angst und die dunklen Gefu\u0308hle, wa\u0308hrend der Fahrt ins Ungewisse, zu u\u0308berspielen. Vor mir in der Sitzreihe, eine Mutter mit ihrem 10 ja\u0308hrigen Jungen. Wir kommen ins Gespra\u0308ch. Sie raucht viel, ich rauche zu viel. Beide kommen aus O\u0308sterreich und sind zum ersten Mal seit vier Jahren wieder in Bosnien, wollen ebenfalls nach Sarajevo. Die Mutter zittert, ist kaum in der Lage einen zusammenha\u0308ngenden Satz zu sprechen. Ihr Sohn ist redselig und erza\u0308hlt mir, mit breitestem o\u0308sterreichischem Dialekt, von der Angst und Trauer seiner Mutter. Immer wieder sieht sie, begleitet von nervo\u0308sen Kopf- bewegungen, aus dem Fenster. Nach dem letzten Kontrollposten, den wir vor der Einfahrt in die Stadt passieren, bricht sie in Tra\u0308nen aus, lacht plo\u0308tzlich wieder hell auf und weint abermals. Die Begleitfahrzeuge der IFOR haben uns bereits weit vor Sarajevo verlassen. Ein Bus mit unbewaffneten Zivilisten fa\u0308hrt in eine vom Krieg verwundete Stadt, wo in den, sie umgebenden<\/p>\n<\/div>\n<\/div>\n<\/div>\n<div class=\"page\" title=\"Page 3\">\n<div class=\"layoutArea\">\n<div class=\"column\">\n<p>Bergen, bewaffnete Menschen lauern, deren Ziel es ist andere Menschen zu jagen und zu to\u0308ten, Menschen, die sie kollektiv zu ihren Feinden erkla\u0308rt haben. \u201eAlle Verwandten sind tot.\u201c, sagt der Junge plo\u0308tzlich in die Stille hinein. Wir erreichen den Busbahnhof. Alle entsteigen dem Bus, ich nehme Abschied und wu\u0308nsche jedem viel Glu\u0308ck. Unmittelbar neben dem Busbahnhof befindet sich das Hauptpostamt, welches starke Spuren von Granatexplosionen aufweist. Auf dem Dach weht die franzo\u0308sische Fahne. Barrikaden aus Sandsa\u0308cken, Stacheldrahtrollen, Panzerigel bestimmen das Stra\u00dfenbild. Wo hin ich auch schaue, erblicke ich zerschossene und von Ru\u00df geschwa\u0308rzte Geba\u0308udefassaden. Graue Tristesse. Schneematsch, in schmutzigem Grau, sa\u0308umt die Ra\u0308nder der kaum befahrenen Stra\u00dfen. Gehwege, Pla\u0308tze, Verkehrsstra\u00dfen weisen Wunden auf sind u\u0308bersa\u0308t von Einschla\u0308gen der Mo\u0308rsergranaten, die an die Blu\u0308ten von Rosen erinnern und sind deshalb, von den Einwohner Sarajevos, mit diesem poetischen Namen bedacht worden. Sarkasmus, um den to\u0308dlichen Detonationen mit Wortkunst die Stirn zu bieten. Schiffscontainer stehen aufgereiht und u\u0308bereinander gestapelt an Stra\u00dfenkreuzungen und Pla\u0308tzen, um Menschen vor Scharfschu\u0308tzen zu verbergen. Von unendlich vielen Einschu\u0308ssen durchsiebt und oftmals aufgebla\u0308ht durch die Explosionen von Mo\u0308rsergranaten, erinnern sie an Tierkadaver, die schon lange in der Sonne gelegen haben, strahlen rot, im Kolorit des rostenden Stahls, ihrer urspru\u0308ngliche Lackierung beraubt. Mit wei\u00dfer Farbe und vielfach an Wa\u0308nde gepinselt, sind die Worte zu lesen: \u201ePAZI SNAJPER\u201c \u2013 eine Warnung vor den Mo\u0308rdern mit den Dragunow-Scharfschu\u0308tzengewehr, die noch aus 800 Meter Entfernung ihre to\u0308dlichen Schu\u0308sse abfeuern ko\u0308nnen und in hohen Geba\u0308uden, hinter glaslosen Fenstern auf Beute lauern. Ein Graffiti, das an den Bru\u0308ckenpfeiler einer Hochstra\u00dfe gespru\u0308ht wurde, begru\u0308\u00dft mich mit dem Satz: \u201eDobro dos\u030cli u pakao\u201c- willkommen in der Ho\u0308lle. Die kommenden zwei Wochen, die ich mich in der belagerten Stadt aufhalte, um das Unfassbare zu begreifen, indem ich es fotografiere und daru\u0308ber schreibe, geben einen kleinen Blick frei, auf ein Leben in der Ho\u0308lle, ein Blick auf Menschen, die viele Jahre die Grausamkeiten des Krieges, wa\u0308hrend der Belagerung ihrer Stadt, durchlebt und u\u0308berlebt haben. Menschen in Zeiten von Krieg.<\/p>\n<p>\u201eIch wurde ohne Grab geboren, dieser go\u0308ttliche Ko\u0308rper wird niemals sterben. Er wurde nicht geboren, um sich nur am Duft der Blumen zu erfreuen, sondern um Bra\u0308nde zu stiften, zu to\u0308ten und alles in Asche zu verwandeln.\u201c (Radovan Karadz\u030cic\u0301, Anfu\u0308hrer und Ideologe der bosnischen Serben im Bosnienkrieg, Psychiater und Dichter, als Kriegsverbrecher vor dem UN-Tribunal in Den Haag angeklagt. Karadz\u030cic\u0301 wurde in dem Prozess beschuldigt, sogenannten \u201eethnische Sa\u0308uberungen\u201c und U\u0308bergriffe auf bosniakische und kroatische Zivilisten geplant und befohlen zu haben. Im Ma\u0308rz 2019 wurde er wegen Kriegsverbrechen und Verbrechen gegen die Menschlichkeit zu lebenslanger Haft verurteilt. Mit seinen Schriften und Reden versuchte Karadz\u030cic\u0301 das Feindbild, das manche Serben von den Osmanen als einstigen Herrschern in Su\u0308dosteuropa hatten, auf die &#8211; ebenfalls muslimischen &#8211; Bosniaken zu u\u0308bertragen). Geschichte auch hier als Argument, um alten Zusta\u0308nde wieder aufleben zulassen.<\/p>\n<p>\u201eIn den Kriegen offenbart sich vor allen Dingen die menschliche Dummheit. Die menschliche Dummheit an sich ist eine elementare, riesige, allta\u0308gliche Erscheinung, aber es sieht so aus, als wirkte der Krieg auf die menschliche Dummheit wie ein Gewitterguss auf Pilze: sie schie\u00dft gespenstisch u\u0308berall aus dem Boden.\u201c (Miroslav Krleza, der ein bedeutender jugoslawischer und kroatischer Schriftsteller war und auch den Satz pra\u0308gte: \u201eEuropa ist ein Monster, das Mozart spielt.\u201c In einem seiner Romane, \u201eBankett in Blitwien\u201c, beendet einer der Protagonisten, ein sogenannter Linksliberaler, seine politische Karriere in vo\u0308lliger Resignation. Und er schlie\u00dft seine tragische Bilanz mit der Frage: \u201eWas bleibt dann noch u\u0308brig? Eine Schachtel voll Bleibuchstaben, und das ist nicht viel. Aber es ist das einzige, was der Mensch bis heute als Waffe zur Verteidigung seiner Menschenwu\u0308rde erfunden hat.\u201c<\/p>\n<\/div>\n<\/div>\n<\/div>\n<div class=\"page\" title=\"Page 4\">\n<div class=\"layoutArea\">\n<div class=\"column\">\n<p>Die 1.425 Tage anhaltende Belagerung der bosnischen Hauptstadt Sarajevo durch die Armee der bosnischen Serben und Einheiten der verbliebenen jugoslawischen Bundesarmee und Paramilita\u0308rs, fielen etwa 11.000 Menschen zum Opfer, 56.000 wurden, teilweise schwer, verletzt. Es war die la\u0308ngste Belagerung im 20. Jahrhundert, die am 5. April 1992 begann und am 29. Februar 1996 endete. Kaum ein Ereignis hat die O\u0308ffentlichkeit seit dem 2. Weltkrieg so stark erschu\u0308ttert, wie der Kriegsausbruch im ehemaligen Jugoslawien im Jahre 1991. Die Medien u\u0308berboten sich gegenseitig mit Berichten u\u0308ber Deportationen, Menschenrechtsverletzungen, Todeslager, ethnischen Sa\u0308uberungen, systematischen Massenvergewaltigungen, etc. Die Terrorisierung und Vertreibung der Zivilbevo\u0308lkerung sowie das Ausma\u00df der Zersto\u0308rungen, um aus einem Vielvo\u0308lkerstaat ethnisch homogene Nationalstaaten zu schaffen, erschweren das Versta\u0308ndnis fu\u0308r einen solchen Krieg. Wie war es mo\u0308glich, dass mitten in Europa gegen Ende des 20. Jahrhundert, ein solch barbarischer Bu\u0308rgerkrieg &#8211; eine derartige Dummheit &#8211; entstehen konnte? Dies Frage stellt sich nun erneut, mit dem vo\u0308lkerrechtswidrigen U\u0308berfall von Putins Armee auf die Ukraine. Und wieder ein Krieg mitten in Europa im 21. Jahrhundert. Barbarei und Gra\u0308uel kennen keinen Halt in angeblich fortschrittlichen Zeiten. Wenn die Geschichte eines lehrt, dann ist es die Tatsache, dass der Mensch aus der Geschichte nichts lernt.<\/p>\n<p>\u00a9 <em>Peter Christmann<\/em><\/p>\n<\/div>\n<\/div>\n<\/div>\n<\/div><\/section>\n","protected":false},"excerpt":{"rendered":"<p>SARAJEVO 1995 | People at wartime Ein Krieg mitten in Europa. Eine Erinnerung. | Text &amp; Fotografien \u00a9 Peter Christmann Am 22. Dezember 1995 breche ich auf, um nach Sarajevo, der eingekesselten Stadt in Bosnien- Herzegowina zu gelangen. In Frankfurt besteige ich einen Bus und bin in dem Moment schon fast dort angekommen, sp\u00fcre den [&hellip;]<\/p>\n","protected":false},"author":2,"featured_media":0,"parent":0,"menu_order":0,"comment_status":"closed","ping_status":"closed","template":"","meta":[],"yoast_head":"<!-- This site is optimized with the Yoast SEO plugin v19.10 - https:\/\/yoast.com\/wordpress\/plugins\/seo\/ -->\n<title>Sarajevo at wartime - CHRISTMANN FOTOGRAFIE<\/title>\n<meta name=\"robots\" content=\"index, follow, max-snippet:-1, max-image-preview:large, max-video-preview:-1\" \/>\n<link rel=\"canonical\" href=\"https:\/\/christmann-foto.de\/?page_id=432\" \/>\n<meta property=\"og:locale\" content=\"de_DE\" \/>\n<meta property=\"og:type\" content=\"article\" \/>\n<meta property=\"og:title\" content=\"Sarajevo at wartime - CHRISTMANN FOTOGRAFIE\" \/>\n<meta property=\"og:description\" content=\"SARAJEVO 1995 | People at wartime Ein Krieg mitten in Europa. Eine Erinnerung. | Text &amp; Fotografien \u00a9 Peter Christmann Am 22. Dezember 1995 breche ich auf, um nach Sarajevo, der eingekesselten Stadt in Bosnien- Herzegowina zu gelangen. In Frankfurt besteige ich einen Bus und bin in dem Moment schon fast dort angekommen, sp\u00fcre den [&hellip;]\" \/>\n<meta property=\"og:url\" content=\"https:\/\/christmann-foto.de\/?page_id=432\" \/>\n<meta property=\"og:site_name\" content=\"CHRISTMANN FOTOGRAFIE\" \/>\n<meta property=\"article:modified_time\" content=\"2023-02-13T10:23:21+00:00\" \/>\n<meta name=\"twitter:card\" content=\"summary_large_image\" \/>\n<meta name=\"twitter:label1\" content=\"Gesch\u00e4tzte Lesezeit\" \/>\n\t<meta name=\"twitter:data1\" content=\"13 Minuten\" \/>\n<script type=\"application\/ld+json\" class=\"yoast-schema-graph\">{\"@context\":\"https:\/\/schema.org\",\"@graph\":[{\"@type\":\"WebPage\",\"@id\":\"https:\/\/christmann-foto.de\/?page_id=432\",\"url\":\"https:\/\/christmann-foto.de\/?page_id=432\",\"name\":\"Sarajevo at wartime - CHRISTMANN FOTOGRAFIE\",\"isPartOf\":{\"@id\":\"https:\/\/christmann-foto.de\/#website\"},\"datePublished\":\"2022-11-04T17:13:28+00:00\",\"dateModified\":\"2023-02-13T10:23:21+00:00\",\"breadcrumb\":{\"@id\":\"https:\/\/christmann-foto.de\/?page_id=432#breadcrumb\"},\"inLanguage\":\"de-DE\",\"potentialAction\":[{\"@type\":\"ReadAction\",\"target\":[\"https:\/\/christmann-foto.de\/?page_id=432\"]}]},{\"@type\":\"BreadcrumbList\",\"@id\":\"https:\/\/christmann-foto.de\/?page_id=432#breadcrumb\",\"itemListElement\":[{\"@type\":\"ListItem\",\"position\":1,\"name\":\"Startseite\",\"item\":\"https:\/\/christmann-foto.de\/?page_id=24\"},{\"@type\":\"ListItem\",\"position\":2,\"name\":\"Sarajevo at wartime\"}]},{\"@type\":\"WebSite\",\"@id\":\"https:\/\/christmann-foto.de\/#website\",\"url\":\"https:\/\/christmann-foto.de\/\",\"name\":\"CHRISTMANN FOTOGRAFIE\",\"description\":\"Fotografien aus aller Welt\",\"potentialAction\":[{\"@type\":\"SearchAction\",\"target\":{\"@type\":\"EntryPoint\",\"urlTemplate\":\"https:\/\/christmann-foto.de\/?s={search_term_string}\"},\"query-input\":\"required name=search_term_string\"}],\"inLanguage\":\"de-DE\"}]}<\/script>\n<!-- \/ Yoast SEO plugin. -->","yoast_head_json":{"title":"Sarajevo at wartime - CHRISTMANN FOTOGRAFIE","robots":{"index":"index","follow":"follow","max-snippet":"max-snippet:-1","max-image-preview":"max-image-preview:large","max-video-preview":"max-video-preview:-1"},"canonical":"https:\/\/christmann-foto.de\/?page_id=432","og_locale":"de_DE","og_type":"article","og_title":"Sarajevo at wartime - CHRISTMANN FOTOGRAFIE","og_description":"SARAJEVO 1995 | People at wartime Ein Krieg mitten in Europa. Eine Erinnerung. | Text &amp; Fotografien \u00a9 Peter Christmann Am 22. Dezember 1995 breche ich auf, um nach Sarajevo, der eingekesselten Stadt in Bosnien- Herzegowina zu gelangen. In Frankfurt besteige ich einen Bus und bin in dem Moment schon fast dort angekommen, sp\u00fcre den [&hellip;]","og_url":"https:\/\/christmann-foto.de\/?page_id=432","og_site_name":"CHRISTMANN FOTOGRAFIE","article_modified_time":"2023-02-13T10:23:21+00:00","twitter_card":"summary_large_image","twitter_misc":{"Gesch\u00e4tzte Lesezeit":"13 Minuten"},"schema":{"@context":"https:\/\/schema.org","@graph":[{"@type":"WebPage","@id":"https:\/\/christmann-foto.de\/?page_id=432","url":"https:\/\/christmann-foto.de\/?page_id=432","name":"Sarajevo at wartime - CHRISTMANN FOTOGRAFIE","isPartOf":{"@id":"https:\/\/christmann-foto.de\/#website"},"datePublished":"2022-11-04T17:13:28+00:00","dateModified":"2023-02-13T10:23:21+00:00","breadcrumb":{"@id":"https:\/\/christmann-foto.de\/?page_id=432#breadcrumb"},"inLanguage":"de-DE","potentialAction":[{"@type":"ReadAction","target":["https:\/\/christmann-foto.de\/?page_id=432"]}]},{"@type":"BreadcrumbList","@id":"https:\/\/christmann-foto.de\/?page_id=432#breadcrumb","itemListElement":[{"@type":"ListItem","position":1,"name":"Startseite","item":"https:\/\/christmann-foto.de\/?page_id=24"},{"@type":"ListItem","position":2,"name":"Sarajevo at wartime"}]},{"@type":"WebSite","@id":"https:\/\/christmann-foto.de\/#website","url":"https:\/\/christmann-foto.de\/","name":"CHRISTMANN FOTOGRAFIE","description":"Fotografien aus aller Welt","potentialAction":[{"@type":"SearchAction","target":{"@type":"EntryPoint","urlTemplate":"https:\/\/christmann-foto.de\/?s={search_term_string}"},"query-input":"required name=search_term_string"}],"inLanguage":"de-DE"}]}},"_links":{"self":[{"href":"https:\/\/christmann-foto.de\/index.php?rest_route=\/wp\/v2\/pages\/432"}],"collection":[{"href":"https:\/\/christmann-foto.de\/index.php?rest_route=\/wp\/v2\/pages"}],"about":[{"href":"https:\/\/christmann-foto.de\/index.php?rest_route=\/wp\/v2\/types\/page"}],"author":[{"embeddable":true,"href":"https:\/\/christmann-foto.de\/index.php?rest_route=\/wp\/v2\/users\/2"}],"replies":[{"embeddable":true,"href":"https:\/\/christmann-foto.de\/index.php?rest_route=%2Fwp%2Fv2%2Fcomments&post=432"}],"version-history":[{"count":19,"href":"https:\/\/christmann-foto.de\/index.php?rest_route=\/wp\/v2\/pages\/432\/revisions"}],"predecessor-version":[{"id":676,"href":"https:\/\/christmann-foto.de\/index.php?rest_route=\/wp\/v2\/pages\/432\/revisions\/676"}],"wp:attachment":[{"href":"https:\/\/christmann-foto.de\/index.php?rest_route=%2Fwp%2Fv2%2Fmedia&parent=432"}],"curies":[{"name":"wp","href":"https:\/\/api.w.org\/{rel}","templated":true}]}}