{"id":575,"date":"2023-01-20T18:12:37","date_gmt":"2023-01-20T17:12:37","guid":{"rendered":"https:\/\/christmann-foto.de\/?page_id=575"},"modified":"2023-02-12T17:02:25","modified_gmt":"2023-02-12T16:02:25","slug":"the-art-of-the-balance-and-its-end","status":"publish","type":"page","link":"https:\/\/christmann-foto.de\/?page_id=575","title":{"rendered":"The art of the balance and its end"},"content":{"rendered":"<section  class='av_textblock_section av-la2ty5ka-f7e9f88858932ad190d9012a762b545b'  itemscope=\"itemscope\" itemtype=\"https:\/\/schema.org\/CreativeWork\" ><div class='avia_textblock'  itemprop=\"text\" ><p align=\"LEFT\"><span style=\"font-size: large;\"><strong>Die Kunst der Balance und ihr Ende &#8211; Schiffsk\u00f6rper und ihre Strandung<\/strong> <\/span><\/p>\n<p>Zum Befahren der See ist Technik n\u00f6tig. Das griechische &#8222;technae&#8220; steht gleicherma\u00dfen f\u00fcr die Kunst und f\u00fcr die F\u00e4higkeit, die Natur zu \u00fcberlisten. Man setzt auf Tricks und nutzt Ph\u00e4nomene, die aber nur unter bestimmten Voraussetzungen wirken. Technik stellt solche besonderen Voraussetzungen her, erzeugt die eigentlich &#8222;unwahrscheinlichen&#8220; Konstellationen, unter denen etwas funktioniert. So beherrscht ein Schiff die Kunst der Balance. Gewicht und Volumen verhalten sich gegen\u00fcber dem Wasser so, als handle es sich um einen K\u00f6rper von nur geringer Dichte und schwimmen. Das Wasser wirkt auf das ein, was sich ihm als Form pr\u00e4sentiert. &gt;&gt;&gt;<!--more--><\/p>\n<\/div><\/section>\n\n<style type=\"text\/css\" data-created_by=\"avia_inline_auto\" id=\"style-css-av-la2rctfo-7461100095dc5195fa51c6299cabc74e\">\n#top .avia-gallery.av-la2rctfo-7461100095dc5195fa51c6299cabc74e .avia-gallery-thumb a{\nwidth:33.3333%;\n}\n<\/style>\n<div  class='avia-gallery av-la2rctfo-7461100095dc5195fa51c6299cabc74e avia_animate_when_visible  avia-builder-el-1  el_after_av_textblock  el_before_av_textblock  avia_lazyload avia-gallery-animate avia-gallery-1'  itemprop=\"image\" itemscope=\"itemscope\" itemtype=\"https:\/\/schema.org\/ImageObject\" ><meta itemprop=\"contentURL\" content=\"https:\/\/christmann-foto.de\/?page_id=575\"><div class='avia-gallery-thumb'><a href=\"https:\/\/christmann-foto.de\/wp-content\/uploads\/2023\/01\/Shipwreck-Iceland-4-copyright-by-Peter-Christmann-1.jpg\" data-srcset=\"https:\/\/christmann-foto.de\/wp-content\/uploads\/2023\/01\/Shipwreck-Iceland-4-copyright-by-Peter-Christmann-1.jpg 1000w, https:\/\/christmann-foto.de\/wp-content\/uploads\/2023\/01\/Shipwreck-Iceland-4-copyright-by-Peter-Christmann-1-80x80.jpg 80w, https:\/\/christmann-foto.de\/wp-content\/uploads\/2023\/01\/Shipwreck-Iceland-4-copyright-by-Peter-Christmann-1-768x772.jpg 768w, https:\/\/christmann-foto.de\/wp-content\/uploads\/2023\/01\/Shipwreck-Iceland-4-copyright-by-Peter-Christmann-1-36x36.jpg 36w, https:\/\/christmann-foto.de\/wp-content\/uploads\/2023\/01\/Shipwreck-Iceland-4-copyright-by-Peter-Christmann-1-180x180.jpg 180w, https:\/\/christmann-foto.de\/wp-content\/uploads\/2023\/01\/Shipwreck-Iceland-4-copyright-by-Peter-Christmann-1-701x705.jpg 701w, https:\/\/christmann-foto.de\/wp-content\/uploads\/2023\/01\/Shipwreck-Iceland-4-copyright-by-Peter-Christmann-1-120x120.jpg 120w, https:\/\/christmann-foto.de\/wp-content\/uploads\/2023\/01\/Shipwreck-Iceland-4-copyright-by-Peter-Christmann-1-450x452.jpg 450w, https:\/\/christmann-foto.de\/wp-content\/uploads\/2023\/01\/Shipwreck-Iceland-4-copyright-by-Peter-Christmann-1-600x603.jpg 600w, https:\/\/christmann-foto.de\/wp-content\/uploads\/2023\/01\/Shipwreck-Iceland-4-copyright-by-Peter-Christmann-1-100x100.jpg 100w\" data-sizes=\"(max-width: 1000px) 100vw, 1000px\" data-rel='gallery-1' data-prev-img='https:\/\/christmann-foto.de\/wp-content\/uploads\/2023\/01\/Shipwreck-Iceland-4-copyright-by-Peter-Christmann-1-495x400.jpg' class='first_thumb lightbox ' data-onclick='1' title='Shipwreck-Iceland-4-copyright-by-Peter-Christmann'  itemprop=\"thumbnailUrl\"  ><img decoding=\"async\" class=\"wp-image-541 avia-img-lazy-loading-not-541\"   src=\"https:\/\/christmann-foto.de\/wp-content\/uploads\/2023\/01\/Shipwreck-Iceland-4-copyright-by-Peter-Christmann-1-495x400.jpg\" width=\"495\" height=\"400\"  title='Shipwreck-Iceland-4-copyright-by-Peter-Christmann' alt='' srcset=\"https:\/\/christmann-foto.de\/wp-content\/uploads\/2023\/01\/Shipwreck-Iceland-4-copyright-by-Peter-Christmann-1-495x400.jpg 495w, https:\/\/christmann-foto.de\/wp-content\/uploads\/2023\/01\/Shipwreck-Iceland-4-copyright-by-Peter-Christmann-1-845x684.jpg 845w\" sizes=\"(max-width: 495px) 100vw, 495px\" \/><div class='big-prev-fake'><img decoding=\"async\" loading=\"lazy\" class=\"wp-image-541 avia-img-lazy-loading-541\"  width=\"495\" height=\"400\" src=\"https:\/\/christmann-foto.de\/wp-content\/uploads\/2023\/01\/Shipwreck-Iceland-4-copyright-by-Peter-Christmann-1-495x400.jpg\" title='Shipwreck-Iceland-4-copyright-by-Peter-Christmann' alt='' srcset=\"https:\/\/christmann-foto.de\/wp-content\/uploads\/2023\/01\/Shipwreck-Iceland-4-copyright-by-Peter-Christmann-1-495x400.jpg 495w, https:\/\/christmann-foto.de\/wp-content\/uploads\/2023\/01\/Shipwreck-Iceland-4-copyright-by-Peter-Christmann-1-845x684.jpg 845w\" sizes=\"(max-width: 495px) 100vw, 495px\" \/><\/div><\/a><a href=\"https:\/\/christmann-foto.de\/wp-content\/uploads\/2023\/01\/Shipwreck-Iceland-3-copyright-by-Peter-Christmann-1.jpg\" data-srcset=\"https:\/\/christmann-foto.de\/wp-content\/uploads\/2023\/01\/Shipwreck-Iceland-3-copyright-by-Peter-Christmann-1.jpg 1000w, https:\/\/christmann-foto.de\/wp-content\/uploads\/2023\/01\/Shipwreck-Iceland-3-copyright-by-Peter-Christmann-1-300x300.jpg 300w, https:\/\/christmann-foto.de\/wp-content\/uploads\/2023\/01\/Shipwreck-Iceland-3-copyright-by-Peter-Christmann-1-80x80.jpg 80w, https:\/\/christmann-foto.de\/wp-content\/uploads\/2023\/01\/Shipwreck-Iceland-3-copyright-by-Peter-Christmann-1-768x771.jpg 768w, https:\/\/christmann-foto.de\/wp-content\/uploads\/2023\/01\/Shipwreck-Iceland-3-copyright-by-Peter-Christmann-1-36x36.jpg 36w, https:\/\/christmann-foto.de\/wp-content\/uploads\/2023\/01\/Shipwreck-Iceland-3-copyright-by-Peter-Christmann-1-180x180.jpg 180w, https:\/\/christmann-foto.de\/wp-content\/uploads\/2023\/01\/Shipwreck-Iceland-3-copyright-by-Peter-Christmann-1-702x705.jpg 702w, https:\/\/christmann-foto.de\/wp-content\/uploads\/2023\/01\/Shipwreck-Iceland-3-copyright-by-Peter-Christmann-1-120x120.jpg 120w, https:\/\/christmann-foto.de\/wp-content\/uploads\/2023\/01\/Shipwreck-Iceland-3-copyright-by-Peter-Christmann-1-450x452.jpg 450w, https:\/\/christmann-foto.de\/wp-content\/uploads\/2023\/01\/Shipwreck-Iceland-3-copyright-by-Peter-Christmann-1-600x602.jpg 600w, https:\/\/christmann-foto.de\/wp-content\/uploads\/2023\/01\/Shipwreck-Iceland-3-copyright-by-Peter-Christmann-1-100x100.jpg 100w\" data-sizes=\"(max-width: 1000px) 100vw, 1000px\" data-rel='gallery-1' data-prev-img='https:\/\/christmann-foto.de\/wp-content\/uploads\/2023\/01\/Shipwreck-Iceland-3-copyright-by-Peter-Christmann-1-495x400.jpg' class='lightbox ' data-onclick='2' title='Shipwreck-Iceland-3-copyright-by-Peter-Christmann'  itemprop=\"thumbnailUrl\"  ><img decoding=\"async\" class=\"wp-image-540 avia-img-lazy-loading-not-540\"   src=\"https:\/\/christmann-foto.de\/wp-content\/uploads\/2023\/01\/Shipwreck-Iceland-3-copyright-by-Peter-Christmann-1-495x400.jpg\" width=\"495\" height=\"400\"  title='Shipwreck-Iceland-3-copyright-by-Peter-Christmann' alt='' srcset=\"https:\/\/christmann-foto.de\/wp-content\/uploads\/2023\/01\/Shipwreck-Iceland-3-copyright-by-Peter-Christmann-1-495x400.jpg 495w, https:\/\/christmann-foto.de\/wp-content\/uploads\/2023\/01\/Shipwreck-Iceland-3-copyright-by-Peter-Christmann-1-845x684.jpg 845w\" sizes=\"(max-width: 495px) 100vw, 495px\" \/><div class='big-prev-fake'><img decoding=\"async\" loading=\"lazy\" class=\"wp-image-540 avia-img-lazy-loading-540\"  width=\"495\" height=\"400\" src=\"https:\/\/christmann-foto.de\/wp-content\/uploads\/2023\/01\/Shipwreck-Iceland-3-copyright-by-Peter-Christmann-1-495x400.jpg\" title='Shipwreck-Iceland-3-copyright-by-Peter-Christmann' alt='' srcset=\"https:\/\/christmann-foto.de\/wp-content\/uploads\/2023\/01\/Shipwreck-Iceland-3-copyright-by-Peter-Christmann-1-495x400.jpg 495w, https:\/\/christmann-foto.de\/wp-content\/uploads\/2023\/01\/Shipwreck-Iceland-3-copyright-by-Peter-Christmann-1-845x684.jpg 845w\" sizes=\"(max-width: 495px) 100vw, 495px\" \/><\/div><\/a><a href=\"https:\/\/christmann-foto.de\/wp-content\/uploads\/2023\/01\/Shipwreck-Iceland-2-copyright-by-Peter-Christmann-1.jpg\" data-srcset=\"https:\/\/christmann-foto.de\/wp-content\/uploads\/2023\/01\/Shipwreck-Iceland-2-copyright-by-Peter-Christmann-1.jpg 1000w, https:\/\/christmann-foto.de\/wp-content\/uploads\/2023\/01\/Shipwreck-Iceland-2-copyright-by-Peter-Christmann-1-300x300.jpg 300w, https:\/\/christmann-foto.de\/wp-content\/uploads\/2023\/01\/Shipwreck-Iceland-2-copyright-by-Peter-Christmann-1-80x80.jpg 80w, https:\/\/christmann-foto.de\/wp-content\/uploads\/2023\/01\/Shipwreck-Iceland-2-copyright-by-Peter-Christmann-1-768x768.jpg 768w, https:\/\/christmann-foto.de\/wp-content\/uploads\/2023\/01\/Shipwreck-Iceland-2-copyright-by-Peter-Christmann-1-36x36.jpg 36w, https:\/\/christmann-foto.de\/wp-content\/uploads\/2023\/01\/Shipwreck-Iceland-2-copyright-by-Peter-Christmann-1-180x180.jpg 180w, https:\/\/christmann-foto.de\/wp-content\/uploads\/2023\/01\/Shipwreck-Iceland-2-copyright-by-Peter-Christmann-1-705x705.jpg 705w, https:\/\/christmann-foto.de\/wp-content\/uploads\/2023\/01\/Shipwreck-Iceland-2-copyright-by-Peter-Christmann-1-120x120.jpg 120w, https:\/\/christmann-foto.de\/wp-content\/uploads\/2023\/01\/Shipwreck-Iceland-2-copyright-by-Peter-Christmann-1-450x450.jpg 450w, https:\/\/christmann-foto.de\/wp-content\/uploads\/2023\/01\/Shipwreck-Iceland-2-copyright-by-Peter-Christmann-1-600x600.jpg 600w, https:\/\/christmann-foto.de\/wp-content\/uploads\/2023\/01\/Shipwreck-Iceland-2-copyright-by-Peter-Christmann-1-100x100.jpg 100w\" data-sizes=\"(max-width: 1000px) 100vw, 1000px\" data-rel='gallery-1' data-prev-img='https:\/\/christmann-foto.de\/wp-content\/uploads\/2023\/01\/Shipwreck-Iceland-2-copyright-by-Peter-Christmann-1-495x400.jpg' class='lightbox ' data-onclick='3' title='Shipwreck-Iceland-2-copyright-by-Peter-Christmann'  itemprop=\"thumbnailUrl\"  ><img decoding=\"async\" class=\"wp-image-539 avia-img-lazy-loading-not-539\"   src=\"https:\/\/christmann-foto.de\/wp-content\/uploads\/2023\/01\/Shipwreck-Iceland-2-copyright-by-Peter-Christmann-1-495x400.jpg\" width=\"495\" height=\"400\"  title='Shipwreck-Iceland-2-copyright-by-Peter-Christmann' alt='' srcset=\"https:\/\/christmann-foto.de\/wp-content\/uploads\/2023\/01\/Shipwreck-Iceland-2-copyright-by-Peter-Christmann-1-495x400.jpg 495w, https:\/\/christmann-foto.de\/wp-content\/uploads\/2023\/01\/Shipwreck-Iceland-2-copyright-by-Peter-Christmann-1-845x684.jpg 845w\" sizes=\"(max-width: 495px) 100vw, 495px\" \/><div class='big-prev-fake'><img decoding=\"async\" loading=\"lazy\" class=\"wp-image-539 avia-img-lazy-loading-539\"  width=\"495\" height=\"400\" src=\"https:\/\/christmann-foto.de\/wp-content\/uploads\/2023\/01\/Shipwreck-Iceland-2-copyright-by-Peter-Christmann-1-495x400.jpg\" title='Shipwreck-Iceland-2-copyright-by-Peter-Christmann' alt='' srcset=\"https:\/\/christmann-foto.de\/wp-content\/uploads\/2023\/01\/Shipwreck-Iceland-2-copyright-by-Peter-Christmann-1-495x400.jpg 495w, https:\/\/christmann-foto.de\/wp-content\/uploads\/2023\/01\/Shipwreck-Iceland-2-copyright-by-Peter-Christmann-1-845x684.jpg 845w\" sizes=\"(max-width: 495px) 100vw, 495px\" \/><\/div><\/a><a href=\"https:\/\/christmann-foto.de\/wp-content\/uploads\/2023\/01\/Shipwreck-Iceland-1-copyright-by-Peter-Christmann-1.jpg\" data-srcset=\"https:\/\/christmann-foto.de\/wp-content\/uploads\/2023\/01\/Shipwreck-Iceland-1-copyright-by-Peter-Christmann-1.jpg 1000w, https:\/\/christmann-foto.de\/wp-content\/uploads\/2023\/01\/Shipwreck-Iceland-1-copyright-by-Peter-Christmann-1-296x300.jpg 296w, https:\/\/christmann-foto.de\/wp-content\/uploads\/2023\/01\/Shipwreck-Iceland-1-copyright-by-Peter-Christmann-1-80x80.jpg 80w, https:\/\/christmann-foto.de\/wp-content\/uploads\/2023\/01\/Shipwreck-Iceland-1-copyright-by-Peter-Christmann-1-768x778.jpg 768w, https:\/\/christmann-foto.de\/wp-content\/uploads\/2023\/01\/Shipwreck-Iceland-1-copyright-by-Peter-Christmann-1-36x36.jpg 36w, https:\/\/christmann-foto.de\/wp-content\/uploads\/2023\/01\/Shipwreck-Iceland-1-copyright-by-Peter-Christmann-1-696x705.jpg 696w, https:\/\/christmann-foto.de\/wp-content\/uploads\/2023\/01\/Shipwreck-Iceland-1-copyright-by-Peter-Christmann-1-450x456.jpg 450w, https:\/\/christmann-foto.de\/wp-content\/uploads\/2023\/01\/Shipwreck-Iceland-1-copyright-by-Peter-Christmann-1-600x608.jpg 600w, https:\/\/christmann-foto.de\/wp-content\/uploads\/2023\/01\/Shipwreck-Iceland-1-copyright-by-Peter-Christmann-1-100x100.jpg 100w\" data-sizes=\"(max-width: 1000px) 100vw, 1000px\" data-rel='gallery-1' data-prev-img='https:\/\/christmann-foto.de\/wp-content\/uploads\/2023\/01\/Shipwreck-Iceland-1-copyright-by-Peter-Christmann-1-495x400.jpg' class='first_thumb lightbox ' data-onclick='4' title='Shipwreck-Iceland-1-copyright-by-Peter-Christmann'  itemprop=\"thumbnailUrl\"  ><img decoding=\"async\" class=\"wp-image-538 avia-img-lazy-loading-not-538\"   src=\"https:\/\/christmann-foto.de\/wp-content\/uploads\/2023\/01\/Shipwreck-Iceland-1-copyright-by-Peter-Christmann-1-495x400.jpg\" width=\"495\" height=\"400\"  title='Shipwreck-Iceland-1-copyright-by-Peter-Christmann' alt='' srcset=\"https:\/\/christmann-foto.de\/wp-content\/uploads\/2023\/01\/Shipwreck-Iceland-1-copyright-by-Peter-Christmann-1-495x400.jpg 495w, https:\/\/christmann-foto.de\/wp-content\/uploads\/2023\/01\/Shipwreck-Iceland-1-copyright-by-Peter-Christmann-1-845x684.jpg 845w\" sizes=\"(max-width: 495px) 100vw, 495px\" \/><div class='big-prev-fake'><img decoding=\"async\" loading=\"lazy\" class=\"wp-image-538 avia-img-lazy-loading-538\"  width=\"495\" height=\"400\" src=\"https:\/\/christmann-foto.de\/wp-content\/uploads\/2023\/01\/Shipwreck-Iceland-1-copyright-by-Peter-Christmann-1-495x400.jpg\" title='Shipwreck-Iceland-1-copyright-by-Peter-Christmann' alt='' srcset=\"https:\/\/christmann-foto.de\/wp-content\/uploads\/2023\/01\/Shipwreck-Iceland-1-copyright-by-Peter-Christmann-1-495x400.jpg 495w, https:\/\/christmann-foto.de\/wp-content\/uploads\/2023\/01\/Shipwreck-Iceland-1-copyright-by-Peter-Christmann-1-845x684.jpg 845w\" sizes=\"(max-width: 495px) 100vw, 495px\" \/><\/div><\/a><a href=\"https:\/\/christmann-foto.de\/wp-content\/uploads\/2023\/01\/Shipwreck-Bretagne-5-copyright-by-Peter-Christmann-1.jpg\" data-srcset=\"https:\/\/christmann-foto.de\/wp-content\/uploads\/2023\/01\/Shipwreck-Bretagne-5-copyright-by-Peter-Christmann-1.jpg 1000w, https:\/\/christmann-foto.de\/wp-content\/uploads\/2023\/01\/Shipwreck-Bretagne-5-copyright-by-Peter-Christmann-1-300x298.jpg 300w, https:\/\/christmann-foto.de\/wp-content\/uploads\/2023\/01\/Shipwreck-Bretagne-5-copyright-by-Peter-Christmann-1-80x80.jpg 80w, https:\/\/christmann-foto.de\/wp-content\/uploads\/2023\/01\/Shipwreck-Bretagne-5-copyright-by-Peter-Christmann-1-768x763.jpg 768w, https:\/\/christmann-foto.de\/wp-content\/uploads\/2023\/01\/Shipwreck-Bretagne-5-copyright-by-Peter-Christmann-1-36x36.jpg 36w, https:\/\/christmann-foto.de\/wp-content\/uploads\/2023\/01\/Shipwreck-Bretagne-5-copyright-by-Peter-Christmann-1-180x180.jpg 180w, https:\/\/christmann-foto.de\/wp-content\/uploads\/2023\/01\/Shipwreck-Bretagne-5-copyright-by-Peter-Christmann-1-705x700.jpg 705w, https:\/\/christmann-foto.de\/wp-content\/uploads\/2023\/01\/Shipwreck-Bretagne-5-copyright-by-Peter-Christmann-1-120x120.jpg 120w, https:\/\/christmann-foto.de\/wp-content\/uploads\/2023\/01\/Shipwreck-Bretagne-5-copyright-by-Peter-Christmann-1-450x447.jpg 450w, https:\/\/christmann-foto.de\/wp-content\/uploads\/2023\/01\/Shipwreck-Bretagne-5-copyright-by-Peter-Christmann-1-600x596.jpg 600w, https:\/\/christmann-foto.de\/wp-content\/uploads\/2023\/01\/Shipwreck-Bretagne-5-copyright-by-Peter-Christmann-1-100x100.jpg 100w\" data-sizes=\"(max-width: 1000px) 100vw, 1000px\" data-rel='gallery-1' data-prev-img='https:\/\/christmann-foto.de\/wp-content\/uploads\/2023\/01\/Shipwreck-Bretagne-5-copyright-by-Peter-Christmann-1-495x400.jpg' class='lightbox ' data-onclick='5' title='Shipwreck-Bretagne-5-copyright-by-Peter-Christmann'  itemprop=\"thumbnailUrl\"  ><img decoding=\"async\" class=\"wp-image-537 avia-img-lazy-loading-not-537\"   src=\"https:\/\/christmann-foto.de\/wp-content\/uploads\/2023\/01\/Shipwreck-Bretagne-5-copyright-by-Peter-Christmann-1-495x400.jpg\" width=\"495\" height=\"400\"  title='Shipwreck-Bretagne-5-copyright-by-Peter-Christmann' alt='' srcset=\"https:\/\/christmann-foto.de\/wp-content\/uploads\/2023\/01\/Shipwreck-Bretagne-5-copyright-by-Peter-Christmann-1-495x400.jpg 495w, https:\/\/christmann-foto.de\/wp-content\/uploads\/2023\/01\/Shipwreck-Bretagne-5-copyright-by-Peter-Christmann-1-845x684.jpg 845w\" sizes=\"(max-width: 495px) 100vw, 495px\" \/><div class='big-prev-fake'><img decoding=\"async\" loading=\"lazy\" class=\"wp-image-537 avia-img-lazy-loading-537\"  width=\"495\" height=\"400\" src=\"https:\/\/christmann-foto.de\/wp-content\/uploads\/2023\/01\/Shipwreck-Bretagne-5-copyright-by-Peter-Christmann-1-495x400.jpg\" title='Shipwreck-Bretagne-5-copyright-by-Peter-Christmann' alt='' srcset=\"https:\/\/christmann-foto.de\/wp-content\/uploads\/2023\/01\/Shipwreck-Bretagne-5-copyright-by-Peter-Christmann-1-495x400.jpg 495w, https:\/\/christmann-foto.de\/wp-content\/uploads\/2023\/01\/Shipwreck-Bretagne-5-copyright-by-Peter-Christmann-1-845x684.jpg 845w\" sizes=\"(max-width: 495px) 100vw, 495px\" \/><\/div><\/a><a href=\"https:\/\/christmann-foto.de\/wp-content\/uploads\/2023\/01\/Shipwreck-Bretagne-4-copyright-by-Peter-Christmann-1.jpg\" data-srcset=\"https:\/\/christmann-foto.de\/wp-content\/uploads\/2023\/01\/Shipwreck-Bretagne-4-copyright-by-Peter-Christmann-1.jpg 1000w, https:\/\/christmann-foto.de\/wp-content\/uploads\/2023\/01\/Shipwreck-Bretagne-4-copyright-by-Peter-Christmann-1-300x300.jpg 300w, https:\/\/christmann-foto.de\/wp-content\/uploads\/2023\/01\/Shipwreck-Bretagne-4-copyright-by-Peter-Christmann-1-80x80.jpg 80w, https:\/\/christmann-foto.de\/wp-content\/uploads\/2023\/01\/Shipwreck-Bretagne-4-copyright-by-Peter-Christmann-1-768x766.jpg 768w, https:\/\/christmann-foto.de\/wp-content\/uploads\/2023\/01\/Shipwreck-Bretagne-4-copyright-by-Peter-Christmann-1-36x36.jpg 36w, https:\/\/christmann-foto.de\/wp-content\/uploads\/2023\/01\/Shipwreck-Bretagne-4-copyright-by-Peter-Christmann-1-180x180.jpg 180w, https:\/\/christmann-foto.de\/wp-content\/uploads\/2023\/01\/Shipwreck-Bretagne-4-copyright-by-Peter-Christmann-1-705x703.jpg 705w, https:\/\/christmann-foto.de\/wp-content\/uploads\/2023\/01\/Shipwreck-Bretagne-4-copyright-by-Peter-Christmann-1-120x120.jpg 120w, https:\/\/christmann-foto.de\/wp-content\/uploads\/2023\/01\/Shipwreck-Bretagne-4-copyright-by-Peter-Christmann-1-450x449.jpg 450w, https:\/\/christmann-foto.de\/wp-content\/uploads\/2023\/01\/Shipwreck-Bretagne-4-copyright-by-Peter-Christmann-1-600x598.jpg 600w, https:\/\/christmann-foto.de\/wp-content\/uploads\/2023\/01\/Shipwreck-Bretagne-4-copyright-by-Peter-Christmann-1-100x100.jpg 100w\" data-sizes=\"(max-width: 1000px) 100vw, 1000px\" data-rel='gallery-1' data-prev-img='https:\/\/christmann-foto.de\/wp-content\/uploads\/2023\/01\/Shipwreck-Bretagne-4-copyright-by-Peter-Christmann-1-495x400.jpg' class='lightbox ' data-onclick='6' title='Shipwreck-Bretagne-4-copyright-by-Peter-Christmann'  itemprop=\"thumbnailUrl\"  ><img decoding=\"async\" class=\"wp-image-536 avia-img-lazy-loading-not-536\"   src=\"https:\/\/christmann-foto.de\/wp-content\/uploads\/2023\/01\/Shipwreck-Bretagne-4-copyright-by-Peter-Christmann-1-495x400.jpg\" width=\"495\" height=\"400\"  title='Shipwreck-Bretagne-4-copyright-by-Peter-Christmann' alt='' srcset=\"https:\/\/christmann-foto.de\/wp-content\/uploads\/2023\/01\/Shipwreck-Bretagne-4-copyright-by-Peter-Christmann-1-495x400.jpg 495w, https:\/\/christmann-foto.de\/wp-content\/uploads\/2023\/01\/Shipwreck-Bretagne-4-copyright-by-Peter-Christmann-1-845x684.jpg 845w\" sizes=\"(max-width: 495px) 100vw, 495px\" \/><div class='big-prev-fake'><img decoding=\"async\" loading=\"lazy\" class=\"wp-image-536 avia-img-lazy-loading-536\"  width=\"495\" height=\"400\" src=\"https:\/\/christmann-foto.de\/wp-content\/uploads\/2023\/01\/Shipwreck-Bretagne-4-copyright-by-Peter-Christmann-1-495x400.jpg\" title='Shipwreck-Bretagne-4-copyright-by-Peter-Christmann' alt='' srcset=\"https:\/\/christmann-foto.de\/wp-content\/uploads\/2023\/01\/Shipwreck-Bretagne-4-copyright-by-Peter-Christmann-1-495x400.jpg 495w, https:\/\/christmann-foto.de\/wp-content\/uploads\/2023\/01\/Shipwreck-Bretagne-4-copyright-by-Peter-Christmann-1-845x684.jpg 845w\" sizes=\"(max-width: 495px) 100vw, 495px\" \/><\/div><\/a><a href=\"https:\/\/christmann-foto.de\/wp-content\/uploads\/2023\/01\/Shipwreck-Bretagne-3-copyright-by-Peter-Christmann-1.jpg\" data-srcset=\"https:\/\/christmann-foto.de\/wp-content\/uploads\/2023\/01\/Shipwreck-Bretagne-3-copyright-by-Peter-Christmann-1.jpg 1000w, https:\/\/christmann-foto.de\/wp-content\/uploads\/2023\/01\/Shipwreck-Bretagne-3-copyright-by-Peter-Christmann-1-300x297.jpg 300w, https:\/\/christmann-foto.de\/wp-content\/uploads\/2023\/01\/Shipwreck-Bretagne-3-copyright-by-Peter-Christmann-1-80x80.jpg 80w, https:\/\/christmann-foto.de\/wp-content\/uploads\/2023\/01\/Shipwreck-Bretagne-3-copyright-by-Peter-Christmann-1-768x760.jpg 768w, https:\/\/christmann-foto.de\/wp-content\/uploads\/2023\/01\/Shipwreck-Bretagne-3-copyright-by-Peter-Christmann-1-36x36.jpg 36w, https:\/\/christmann-foto.de\/wp-content\/uploads\/2023\/01\/Shipwreck-Bretagne-3-copyright-by-Peter-Christmann-1-705x698.jpg 705w, https:\/\/christmann-foto.de\/wp-content\/uploads\/2023\/01\/Shipwreck-Bretagne-3-copyright-by-Peter-Christmann-1-120x120.jpg 120w, https:\/\/christmann-foto.de\/wp-content\/uploads\/2023\/01\/Shipwreck-Bretagne-3-copyright-by-Peter-Christmann-1-450x446.jpg 450w, https:\/\/christmann-foto.de\/wp-content\/uploads\/2023\/01\/Shipwreck-Bretagne-3-copyright-by-Peter-Christmann-1-600x594.jpg 600w, https:\/\/christmann-foto.de\/wp-content\/uploads\/2023\/01\/Shipwreck-Bretagne-3-copyright-by-Peter-Christmann-1-100x100.jpg 100w\" data-sizes=\"(max-width: 1000px) 100vw, 1000px\" data-rel='gallery-1' data-prev-img='https:\/\/christmann-foto.de\/wp-content\/uploads\/2023\/01\/Shipwreck-Bretagne-3-copyright-by-Peter-Christmann-1-495x400.jpg' class='first_thumb lightbox ' data-onclick='7' title='Shipwreck-Bretagne-3-copyright-by-Peter-Christmann'  itemprop=\"thumbnailUrl\"  ><img decoding=\"async\" class=\"wp-image-535 avia-img-lazy-loading-not-535\"   src=\"https:\/\/christmann-foto.de\/wp-content\/uploads\/2023\/01\/Shipwreck-Bretagne-3-copyright-by-Peter-Christmann-1-495x400.jpg\" width=\"495\" height=\"400\"  title='Shipwreck-Bretagne-3-copyright-by-Peter-Christmann' alt='' srcset=\"https:\/\/christmann-foto.de\/wp-content\/uploads\/2023\/01\/Shipwreck-Bretagne-3-copyright-by-Peter-Christmann-1-495x400.jpg 495w, https:\/\/christmann-foto.de\/wp-content\/uploads\/2023\/01\/Shipwreck-Bretagne-3-copyright-by-Peter-Christmann-1-845x684.jpg 845w\" sizes=\"(max-width: 495px) 100vw, 495px\" \/><div class='big-prev-fake'><img decoding=\"async\" loading=\"lazy\" class=\"wp-image-535 avia-img-lazy-loading-535\"  width=\"495\" height=\"400\" src=\"https:\/\/christmann-foto.de\/wp-content\/uploads\/2023\/01\/Shipwreck-Bretagne-3-copyright-by-Peter-Christmann-1-495x400.jpg\" title='Shipwreck-Bretagne-3-copyright-by-Peter-Christmann' alt='' srcset=\"https:\/\/christmann-foto.de\/wp-content\/uploads\/2023\/01\/Shipwreck-Bretagne-3-copyright-by-Peter-Christmann-1-495x400.jpg 495w, https:\/\/christmann-foto.de\/wp-content\/uploads\/2023\/01\/Shipwreck-Bretagne-3-copyright-by-Peter-Christmann-1-845x684.jpg 845w\" sizes=\"(max-width: 495px) 100vw, 495px\" \/><\/div><\/a><a href=\"https:\/\/christmann-foto.de\/wp-content\/uploads\/2023\/01\/Shipwreck-Bretagne-2-copyright-by-Peter-Christmann-1.jpg\" data-srcset=\"https:\/\/christmann-foto.de\/wp-content\/uploads\/2023\/01\/Shipwreck-Bretagne-2-copyright-by-Peter-Christmann-1.jpg 1000w, https:\/\/christmann-foto.de\/wp-content\/uploads\/2023\/01\/Shipwreck-Bretagne-2-copyright-by-Peter-Christmann-1-298x300.jpg 298w, https:\/\/christmann-foto.de\/wp-content\/uploads\/2023\/01\/Shipwreck-Bretagne-2-copyright-by-Peter-Christmann-1-80x80.jpg 80w, https:\/\/christmann-foto.de\/wp-content\/uploads\/2023\/01\/Shipwreck-Bretagne-2-copyright-by-Peter-Christmann-1-768x774.jpg 768w, https:\/\/christmann-foto.de\/wp-content\/uploads\/2023\/01\/Shipwreck-Bretagne-2-copyright-by-Peter-Christmann-1-36x36.jpg 36w, https:\/\/christmann-foto.de\/wp-content\/uploads\/2023\/01\/Shipwreck-Bretagne-2-copyright-by-Peter-Christmann-1-180x180.jpg 180w, https:\/\/christmann-foto.de\/wp-content\/uploads\/2023\/01\/Shipwreck-Bretagne-2-copyright-by-Peter-Christmann-1-699x705.jpg 699w, https:\/\/christmann-foto.de\/wp-content\/uploads\/2023\/01\/Shipwreck-Bretagne-2-copyright-by-Peter-Christmann-1-120x120.jpg 120w, https:\/\/christmann-foto.de\/wp-content\/uploads\/2023\/01\/Shipwreck-Bretagne-2-copyright-by-Peter-Christmann-1-450x454.jpg 450w, https:\/\/christmann-foto.de\/wp-content\/uploads\/2023\/01\/Shipwreck-Bretagne-2-copyright-by-Peter-Christmann-1-600x605.jpg 600w, https:\/\/christmann-foto.de\/wp-content\/uploads\/2023\/01\/Shipwreck-Bretagne-2-copyright-by-Peter-Christmann-1-100x100.jpg 100w\" data-sizes=\"(max-width: 1000px) 100vw, 1000px\" data-rel='gallery-1' data-prev-img='https:\/\/christmann-foto.de\/wp-content\/uploads\/2023\/01\/Shipwreck-Bretagne-2-copyright-by-Peter-Christmann-1-495x400.jpg' class='lightbox ' data-onclick='8' title='Shipwreck-Bretagne-2-copyright-by-Peter-Christmann'  itemprop=\"thumbnailUrl\"  ><img decoding=\"async\" class=\"wp-image-534 avia-img-lazy-loading-not-534\"   src=\"https:\/\/christmann-foto.de\/wp-content\/uploads\/2023\/01\/Shipwreck-Bretagne-2-copyright-by-Peter-Christmann-1-495x400.jpg\" width=\"495\" height=\"400\"  title='Shipwreck-Bretagne-2-copyright-by-Peter-Christmann' alt='' srcset=\"https:\/\/christmann-foto.de\/wp-content\/uploads\/2023\/01\/Shipwreck-Bretagne-2-copyright-by-Peter-Christmann-1-495x400.jpg 495w, https:\/\/christmann-foto.de\/wp-content\/uploads\/2023\/01\/Shipwreck-Bretagne-2-copyright-by-Peter-Christmann-1-845x684.jpg 845w\" sizes=\"(max-width: 495px) 100vw, 495px\" \/><div class='big-prev-fake'><img decoding=\"async\" loading=\"lazy\" class=\"wp-image-534 avia-img-lazy-loading-534\"  width=\"495\" height=\"400\" src=\"https:\/\/christmann-foto.de\/wp-content\/uploads\/2023\/01\/Shipwreck-Bretagne-2-copyright-by-Peter-Christmann-1-495x400.jpg\" title='Shipwreck-Bretagne-2-copyright-by-Peter-Christmann' alt='' srcset=\"https:\/\/christmann-foto.de\/wp-content\/uploads\/2023\/01\/Shipwreck-Bretagne-2-copyright-by-Peter-Christmann-1-495x400.jpg 495w, https:\/\/christmann-foto.de\/wp-content\/uploads\/2023\/01\/Shipwreck-Bretagne-2-copyright-by-Peter-Christmann-1-845x684.jpg 845w\" sizes=\"(max-width: 495px) 100vw, 495px\" \/><\/div><\/a><a href=\"https:\/\/christmann-foto.de\/wp-content\/uploads\/2023\/01\/Shipwreck-Bretagne-1-copyright-by-Peter-Christmann-1.jpg\" data-srcset=\"https:\/\/christmann-foto.de\/wp-content\/uploads\/2023\/01\/Shipwreck-Bretagne-1-copyright-by-Peter-Christmann-1.jpg 1000w, https:\/\/christmann-foto.de\/wp-content\/uploads\/2023\/01\/Shipwreck-Bretagne-1-copyright-by-Peter-Christmann-1-300x300.jpg 300w, https:\/\/christmann-foto.de\/wp-content\/uploads\/2023\/01\/Shipwreck-Bretagne-1-copyright-by-Peter-Christmann-1-80x80.jpg 80w, https:\/\/christmann-foto.de\/wp-content\/uploads\/2023\/01\/Shipwreck-Bretagne-1-copyright-by-Peter-Christmann-1-768x770.jpg 768w, https:\/\/christmann-foto.de\/wp-content\/uploads\/2023\/01\/Shipwreck-Bretagne-1-copyright-by-Peter-Christmann-1-36x36.jpg 36w, https:\/\/christmann-foto.de\/wp-content\/uploads\/2023\/01\/Shipwreck-Bretagne-1-copyright-by-Peter-Christmann-1-180x180.jpg 180w, https:\/\/christmann-foto.de\/wp-content\/uploads\/2023\/01\/Shipwreck-Bretagne-1-copyright-by-Peter-Christmann-1-703x705.jpg 703w, https:\/\/christmann-foto.de\/wp-content\/uploads\/2023\/01\/Shipwreck-Bretagne-1-copyright-by-Peter-Christmann-1-120x120.jpg 120w, https:\/\/christmann-foto.de\/wp-content\/uploads\/2023\/01\/Shipwreck-Bretagne-1-copyright-by-Peter-Christmann-1-450x451.jpg 450w, https:\/\/christmann-foto.de\/wp-content\/uploads\/2023\/01\/Shipwreck-Bretagne-1-copyright-by-Peter-Christmann-1-600x602.jpg 600w, https:\/\/christmann-foto.de\/wp-content\/uploads\/2023\/01\/Shipwreck-Bretagne-1-copyright-by-Peter-Christmann-1-100x100.jpg 100w\" data-sizes=\"(max-width: 1000px) 100vw, 1000px\" data-rel='gallery-1' data-prev-img='https:\/\/christmann-foto.de\/wp-content\/uploads\/2023\/01\/Shipwreck-Bretagne-1-copyright-by-Peter-Christmann-1-495x400.jpg' class='lightbox ' data-onclick='9' title='Shipwreck-Bretagne-1-copyright-by-Peter-Christmann'  itemprop=\"thumbnailUrl\"  ><img decoding=\"async\" class=\"wp-image-533 avia-img-lazy-loading-not-533\"   src=\"https:\/\/christmann-foto.de\/wp-content\/uploads\/2023\/01\/Shipwreck-Bretagne-1-copyright-by-Peter-Christmann-1-495x400.jpg\" width=\"495\" height=\"400\"  title='Shipwreck-Bretagne-1-copyright-by-Peter-Christmann' alt='' srcset=\"https:\/\/christmann-foto.de\/wp-content\/uploads\/2023\/01\/Shipwreck-Bretagne-1-copyright-by-Peter-Christmann-1-495x400.jpg 495w, https:\/\/christmann-foto.de\/wp-content\/uploads\/2023\/01\/Shipwreck-Bretagne-1-copyright-by-Peter-Christmann-1-845x684.jpg 845w\" sizes=\"(max-width: 495px) 100vw, 495px\" \/><div class='big-prev-fake'><img decoding=\"async\" loading=\"lazy\" class=\"wp-image-533 avia-img-lazy-loading-533\"  width=\"495\" height=\"400\" src=\"https:\/\/christmann-foto.de\/wp-content\/uploads\/2023\/01\/Shipwreck-Bretagne-1-copyright-by-Peter-Christmann-1-495x400.jpg\" title='Shipwreck-Bretagne-1-copyright-by-Peter-Christmann' alt='' srcset=\"https:\/\/christmann-foto.de\/wp-content\/uploads\/2023\/01\/Shipwreck-Bretagne-1-copyright-by-Peter-Christmann-1-495x400.jpg 495w, https:\/\/christmann-foto.de\/wp-content\/uploads\/2023\/01\/Shipwreck-Bretagne-1-copyright-by-Peter-Christmann-1-845x684.jpg 845w\" sizes=\"(max-width: 495px) 100vw, 495px\" \/><\/div><\/a><\/div><\/div>\n<section  class='av_textblock_section av-la2u1rfk-229ce6c84ca20a783f410a080e29a1d4'  itemscope=\"itemscope\" itemtype=\"https:\/\/schema.org\/CreativeWork\" ><div class='avia_textblock'  itemprop=\"text\" ><div class=\"page\" title=\"Page 1\">\n<div class=\"layoutArea\">\n<div class=\"column\"><\/div>\n<\/div>\n<\/div>\n<div class=\"page\" title=\"Page 4\">\n<div class=\"layoutArea\">\n<div class=\"column\">\n<p style=\"text-align: left;\" align=\"LEFT\">Schiffs-K\u00f6rper nutzen das balancierende Spiel der Auftriebskr\u00e4fte. Eine Neigung zur Seite ruft gr\u00f6\u00dfere Auftriebskr\u00e4fte am eintauchenden Volumen hervor, die den Rumpf wieder aufrichten. Je st\u00e4rker sich der K\u00f6rper neigt, desto gr\u00f6\u00dfer m\u00fcssen diese r\u00fcckdrehenden Kr\u00e4fte sein. So darf das Unterschiff nicht zu rund sein, nicht etwa tonnenf\u00f6rmig; Das k\u00f6nnte kippen, ohne stabilisierende Widerst\u00e4nde zu provozieren. Die Kastenform ist stabil: Am seitlichen Volumen wirken schon bei kleinen Kr\u00e4ngungen st\u00e4rkere Auftriebskr\u00e4fte. Die stabilisieren den Rumpf, zumal sie mit gro\u00dfem Hebelarm angreifen. Auf offenem Meer jedoch, bei Seegang, wird der Kasten zur Tortur, denn auf jede Welle, die das Schiff hebt, folgt ein heftiger Schlag, wenn der fl\u00e4chige Rumpf zur\u00fcckf\u00e4llt. Also formt man den K\u00f6rper in Bugn\u00e4he als ein &#8222;V&#8220;, so da\u00df er weich eintauchen kann. Mit der nuancierten Form ist das Geschick des Schwimmens gepr\u00e4gt.<\/p>\n<p style=\"text-align: left;\">Wird ein Schiff auf das Ufer geworfen, so wandelt sich die Kunst der Balance in spr\u00f6des Aufliegen, in harsche Ber\u00fchrung mit Sand, Stein oder Schlick, der unter dem Druck leicht nachgibt. \u00dcber die Lage des K\u00f6rpers entscheidet nun die Art der Ber\u00fchrung zwischen Boots-Form und Grund. Ein allzu runder K\u00f6rper w\u00fcrde auch hier instabil und zur Seite rollen. Die Lage des gestrandeten Schiffes bestimmt sich mit den aufliegenden Fl\u00e4chen in N\u00e4he des Schwerpunktes. In deren Winkel sitzt das Schiff auf. Und ein hochragender, schlanker Bug kann seine Position nur halten, weil er vom Rumpf gest\u00fctzt wird. Es kommt zur Zer-Setzung. Stahl rostet, Holz verwittert, der K\u00f6rper zerf\u00e4llt. Die sich aufweichende Statik des Skeletts kontrastiert mit dem leicht umsp\u00fclenden Wasser. Wieder sichtbar werden jene Teile und Konstruktions-Prinzipien, die einmal ma\u00dfgeblich waren. Mit diesem Einblick scheint sich der Kreis zu schlie\u00dfen: Die einst zeitgem\u00e4\u00dfe Bauweise und der jetzige Zerfall in rippige Teile finden assoziativ zusammen. Die Struktur legt sich von selbst ab. (Und die Kunst vergeht.)<\/p>\n<p style=\"text-align: left;\">Ein Fahr-Zeug leistet aber mehr als nur eine List, als nur einen Kunstgriff. Es stellt f\u00fcr den Menschen eine mehrfache Belebung dar: Es erm\u00f6glicht Gleiten und Fahren und verk\u00f6rpert etwas Wesenhaftes. Es b\u00fcndelt Funktionen mit Visionen und spielt \u00e4sthetisch mit dem Leib-Seele-Thema. Es scheint mehr zu sein als nur Werkzeug. Seine Gestalt b\u00fcndelt Bedeutungen, bannt Zweifel, gibt Orientierung. Die noch intakte Form schwimmt auf und fasziniert als Kunst-K\u00f6rper. Umso mehr irritiert schlie\u00dflich das Skelett und erinnert den Menschen an die eigene Konstruktion.<\/p>\n<p style=\"text-align: left;\" align=\"LEFT\">Mit dem Stranden l\u00f6st sich das Schiff von der Rationalit\u00e4t seiner Aufgabe. Der zuvor straffe, symmetrische, geordnete K\u00f6rper gibt sich dem allm\u00e4hlichen Prozess hin, der Stringenz und Struktur der Zwecke zersetzt. Er dekonstruiert ihn als Objekt, in seiner Funktion und in seiner Bedeutung, bel\u00e4sst nur Fragmente. Mit dem Verlust der Bewegungsf\u00e4higkeit entgleitet dem Schiff seine aktive Rolle, nicht aber seine Geschichte. Die Bedeutung des fahrenden Schiffes klingt nach und r\u00fchrt uns weiter an.<\/p>\n<p style=\"text-align: left;\">F\u00fcr die Fischer ist es eine traurige, aber auch pragmatische Verabschiedung vom Boot. Die &#8222;Cemeti\u00e8re des Bateaux&#8220;, die bretonischen Schiffsfriedh\u00f6fe, sind Orte der Ruhe. In abgelegenen Buchten \u00fcberl\u00e4\u00dft man die R\u00fcmpfe sich selbst. Im einsamen Island, wo ein Stahlrumpf vom Seegang abrupt auf einen Felsen geworfen wurde, klingt die tragische Gegebenheit nach. Diese Szenerien wirken wie B\u00fchnenbilder, die nicht mehr bespielt werden, aber den Betrachter inspirieren, eine Geschichte zu erahnen. Es ist die Festlegung des Schiffs-K\u00f6rpers auf einen Ort. Die Identit\u00e4t des Schiffes scheint sich zu l\u00f6sen, die Identit\u00e4t des Ortes scheint fixiert. Welche Bedeutung ein Ort hat, wird ihm gesellschaftlich zugeschrieben. Diese Topoi sind allerdings gepr\u00e4gt durch die Zuweisung von Nicht-Aktivit\u00e4t.<\/p>\n<p style=\"text-align: left;\">Diese Orte an des Gew\u00e4ssers Berandung sind kaum anders zu nutzen, als da\u00df man die Bootsk\u00f6rper dort verrotten l\u00e4\u00dft. Die Spezifik des Ortes ist entschieden. Anderes kann kaum geschehen. Schweifende Blicke zerstreuen sich in Details und belassen das sich in Wahrnehmung befindende Subjekt. In der Abgeschiedenheit atmet eine Ruhe, die Zeit in sich selbst zu geben scheint. Pr\u00e4senz in sich. Man ist schlicht dort. Die nahen, sich kr\u00e4uselnden Wellen benennen die streifende Zeit im Feinen, stimmen die Kl\u00e4nge des Moments und geben Bilder des nuanciert strukturierten Zeitenlaufs. Worum andernorts (in den St\u00e4dten) aufwendig mittels Maschinen und Projektoren gerungen wird, gelingt hier m\u00fchelos: Zeitliche und r\u00e4umliche Wahrnehmung kommen zusammen, treffen sich in absichtsloser Ruhe. Also, in dialektischer Weise, birgt die zun\u00e4chst spezifisch erscheinende Bestimmung dieser Orte Offenheit mit sich, Raum f\u00fcr Projektionen. Kleine Bewegungen finden sich, gelingen selbstverst\u00e4ndlich.<\/p>\n<p>Die Metapher des fahrenden Schiffes steht nicht zuletzt f\u00fcr die moderne Gesellschaft. Und die Geschicke formen sich mit den Menschen an Bord. Sie eint der gemeinsame Kurs und der kann nur langsam ver\u00e4ndert werden. Das Bild der sinkenden Titanic schockiert und steht f\u00fcr einen t\u00f6dlichen Irrtum. Das Bild diverser gestrandeter Boote stimmt eher nachdenklich und gibt Anla\u00df zur Reflexion. Das Meer bietet einen universellen Bezug, Imagination des Zeitenstroms, Sehns\u00fcchte, Projektionen. Mit Aufgabe der Balance auf dem Wasser l\u00f6st sich das Schiff von seiner Aufgabe der Funktionserf\u00fcllung. Ein anderes Gleichgewicht stellt sich ein, das frei ist von Absicht und bel\u00e4sst, was sein mag.<\/p>\n<p><em>Dr. Ralf Trachte, Design-Wissenschaftler, Segler, Surfer, Wellenreiter <\/em><\/p>\n<\/div>\n<p>Die \u201eCemeti\u00e8re des Bateaux\u201c, die bretonischen Schiffsfriedh\u00f6fe, sind Orte der letzten Ruhest\u00e4tte in abgelegenen Meeresbuchten, wo man die einstigen Fischereifahrzeuge ihrem Schicksal und Zerfall \u00fcberl\u00e4sst. Aufgrund des gro\u00dfen Tidehub sind etliche \u201eSchiffsruhest\u00e4tte\u201c dort nur w\u00e4hrend der Ebbe sichtbar. An den einsamen K\u00fcsten Islands, im Nordatlantik, wo der Rumpf eines Trawlers durch einen Orkan abrupt auf einen Felsen geworfen wurde, l\u00e4sst sich die tragische Geschichte der Havarie oft erahnen.<\/p>\n<p>\u00dcber viele Jahr habe ich an der bretonischen und isl\u00e4ndischen K\u00fcste nach Schiffswracks gesucht und diese fotografisch dokumentiert. Die meisten Wracks sind nicht mehr vorhanden, sind dem Recycling zum Opfer gefallen oder von den Kr\u00e4ften der Natur endg\u00fcltig aufgel\u00f6st worden.<\/p>\n<p><em>Peter Christmann, Fotograf<\/em><\/p>\n<div class=\"column\"><\/div>\n<\/div>\n<\/div>\n<\/div><\/section>\n","protected":false},"excerpt":{"rendered":"<p>Die Kunst der Balance und ihr Ende &#8211; Schiffsk\u00f6rper und ihre Strandung Zum Befahren der See ist Technik n\u00f6tig. Das griechische &#8222;technae&#8220; steht gleicherma\u00dfen f\u00fcr die Kunst und f\u00fcr die F\u00e4higkeit, die Natur zu \u00fcberlisten. Man setzt auf Tricks und nutzt Ph\u00e4nomene, die aber nur unter bestimmten Voraussetzungen wirken. Technik stellt solche besonderen Voraussetzungen her, [&hellip;]<\/p>\n","protected":false},"author":2,"featured_media":0,"parent":0,"menu_order":0,"comment_status":"closed","ping_status":"closed","template":"","meta":[],"yoast_head":"<!-- This site is optimized with the Yoast SEO plugin v19.10 - https:\/\/yoast.com\/wordpress\/plugins\/seo\/ -->\n<title>The art of the balance and its end - CHRISTMANN FOTOGRAFIE<\/title>\n<meta name=\"robots\" content=\"index, follow, max-snippet:-1, max-image-preview:large, max-video-preview:-1\" \/>\n<link rel=\"canonical\" href=\"https:\/\/christmann-foto.de\/?page_id=575\" \/>\n<meta property=\"og:locale\" content=\"de_DE\" \/>\n<meta property=\"og:type\" content=\"article\" \/>\n<meta property=\"og:title\" content=\"The art of the balance and its end - CHRISTMANN FOTOGRAFIE\" \/>\n<meta property=\"og:description\" content=\"Die Kunst der Balance und ihr Ende &#8211; Schiffsk\u00f6rper und ihre Strandung Zum Befahren der See ist Technik n\u00f6tig. Das griechische &#8222;technae&#8220; steht gleicherma\u00dfen f\u00fcr die Kunst und f\u00fcr die F\u00e4higkeit, die Natur zu \u00fcberlisten. Man setzt auf Tricks und nutzt Ph\u00e4nomene, die aber nur unter bestimmten Voraussetzungen wirken. Technik stellt solche besonderen Voraussetzungen her, [&hellip;]\" \/>\n<meta property=\"og:url\" content=\"https:\/\/christmann-foto.de\/?page_id=575\" \/>\n<meta property=\"og:site_name\" content=\"CHRISTMANN FOTOGRAFIE\" \/>\n<meta property=\"article:modified_time\" content=\"2023-02-12T16:02:25+00:00\" \/>\n<meta name=\"twitter:card\" content=\"summary_large_image\" \/>\n<meta name=\"twitter:label1\" content=\"Gesch\u00e4tzte Lesezeit\" \/>\n\t<meta name=\"twitter:data1\" content=\"7 Minuten\" \/>\n<script type=\"application\/ld+json\" class=\"yoast-schema-graph\">{\"@context\":\"https:\/\/schema.org\",\"@graph\":[{\"@type\":\"WebPage\",\"@id\":\"https:\/\/christmann-foto.de\/?page_id=575\",\"url\":\"https:\/\/christmann-foto.de\/?page_id=575\",\"name\":\"The art of the balance and its end - CHRISTMANN FOTOGRAFIE\",\"isPartOf\":{\"@id\":\"https:\/\/christmann-foto.de\/#website\"},\"datePublished\":\"2023-01-20T17:12:37+00:00\",\"dateModified\":\"2023-02-12T16:02:25+00:00\",\"breadcrumb\":{\"@id\":\"https:\/\/christmann-foto.de\/?page_id=575#breadcrumb\"},\"inLanguage\":\"de-DE\",\"potentialAction\":[{\"@type\":\"ReadAction\",\"target\":[\"https:\/\/christmann-foto.de\/?page_id=575\"]}]},{\"@type\":\"BreadcrumbList\",\"@id\":\"https:\/\/christmann-foto.de\/?page_id=575#breadcrumb\",\"itemListElement\":[{\"@type\":\"ListItem\",\"position\":1,\"name\":\"Startseite\",\"item\":\"https:\/\/christmann-foto.de\/?page_id=24\"},{\"@type\":\"ListItem\",\"position\":2,\"name\":\"The art of the balance and its end\"}]},{\"@type\":\"WebSite\",\"@id\":\"https:\/\/christmann-foto.de\/#website\",\"url\":\"https:\/\/christmann-foto.de\/\",\"name\":\"CHRISTMANN FOTOGRAFIE\",\"description\":\"Fotografien aus aller Welt\",\"potentialAction\":[{\"@type\":\"SearchAction\",\"target\":{\"@type\":\"EntryPoint\",\"urlTemplate\":\"https:\/\/christmann-foto.de\/?s={search_term_string}\"},\"query-input\":\"required name=search_term_string\"}],\"inLanguage\":\"de-DE\"}]}<\/script>\n<!-- \/ Yoast SEO plugin. -->","yoast_head_json":{"title":"The art of the balance and its end - CHRISTMANN FOTOGRAFIE","robots":{"index":"index","follow":"follow","max-snippet":"max-snippet:-1","max-image-preview":"max-image-preview:large","max-video-preview":"max-video-preview:-1"},"canonical":"https:\/\/christmann-foto.de\/?page_id=575","og_locale":"de_DE","og_type":"article","og_title":"The art of the balance and its end - CHRISTMANN FOTOGRAFIE","og_description":"Die Kunst der Balance und ihr Ende &#8211; Schiffsk\u00f6rper und ihre Strandung Zum Befahren der See ist Technik n\u00f6tig. Das griechische &#8222;technae&#8220; steht gleicherma\u00dfen f\u00fcr die Kunst und f\u00fcr die F\u00e4higkeit, die Natur zu \u00fcberlisten. Man setzt auf Tricks und nutzt Ph\u00e4nomene, die aber nur unter bestimmten Voraussetzungen wirken. Technik stellt solche besonderen Voraussetzungen her, [&hellip;]","og_url":"https:\/\/christmann-foto.de\/?page_id=575","og_site_name":"CHRISTMANN FOTOGRAFIE","article_modified_time":"2023-02-12T16:02:25+00:00","twitter_card":"summary_large_image","twitter_misc":{"Gesch\u00e4tzte Lesezeit":"7 Minuten"},"schema":{"@context":"https:\/\/schema.org","@graph":[{"@type":"WebPage","@id":"https:\/\/christmann-foto.de\/?page_id=575","url":"https:\/\/christmann-foto.de\/?page_id=575","name":"The art of the balance and its end - CHRISTMANN FOTOGRAFIE","isPartOf":{"@id":"https:\/\/christmann-foto.de\/#website"},"datePublished":"2023-01-20T17:12:37+00:00","dateModified":"2023-02-12T16:02:25+00:00","breadcrumb":{"@id":"https:\/\/christmann-foto.de\/?page_id=575#breadcrumb"},"inLanguage":"de-DE","potentialAction":[{"@type":"ReadAction","target":["https:\/\/christmann-foto.de\/?page_id=575"]}]},{"@type":"BreadcrumbList","@id":"https:\/\/christmann-foto.de\/?page_id=575#breadcrumb","itemListElement":[{"@type":"ListItem","position":1,"name":"Startseite","item":"https:\/\/christmann-foto.de\/?page_id=24"},{"@type":"ListItem","position":2,"name":"The art of the balance and its end"}]},{"@type":"WebSite","@id":"https:\/\/christmann-foto.de\/#website","url":"https:\/\/christmann-foto.de\/","name":"CHRISTMANN FOTOGRAFIE","description":"Fotografien aus aller Welt","potentialAction":[{"@type":"SearchAction","target":{"@type":"EntryPoint","urlTemplate":"https:\/\/christmann-foto.de\/?s={search_term_string}"},"query-input":"required name=search_term_string"}],"inLanguage":"de-DE"}]}},"_links":{"self":[{"href":"https:\/\/christmann-foto.de\/index.php?rest_route=\/wp\/v2\/pages\/575"}],"collection":[{"href":"https:\/\/christmann-foto.de\/index.php?rest_route=\/wp\/v2\/pages"}],"about":[{"href":"https:\/\/christmann-foto.de\/index.php?rest_route=\/wp\/v2\/types\/page"}],"author":[{"embeddable":true,"href":"https:\/\/christmann-foto.de\/index.php?rest_route=\/wp\/v2\/users\/2"}],"replies":[{"embeddable":true,"href":"https:\/\/christmann-foto.de\/index.php?rest_route=%2Fwp%2Fv2%2Fcomments&post=575"}],"version-history":[{"count":12,"href":"https:\/\/christmann-foto.de\/index.php?rest_route=\/wp\/v2\/pages\/575\/revisions"}],"predecessor-version":[{"id":664,"href":"https:\/\/christmann-foto.de\/index.php?rest_route=\/wp\/v2\/pages\/575\/revisions\/664"}],"wp:attachment":[{"href":"https:\/\/christmann-foto.de\/index.php?rest_route=%2Fwp%2Fv2%2Fmedia&parent=575"}],"curies":[{"name":"wp","href":"https:\/\/api.w.org\/{rel}","templated":true}]}}